{"id":15,"date":"2021-06-12T02:23:53","date_gmt":"2021-06-11T23:23:53","guid":{"rendered":"https:\/\/bilisimyildizlari.org.tr\/2013\/?page_id=15"},"modified":"2021-06-20T21:57:24","modified_gmt":"2021-06-20T18:57:24","slug":"katilim-sartlari","status":"publish","type":"page","link":"https:\/\/bilisimyildizlari.org.tr\/2013\/katilim-sartlari\/","title":{"rendered":"Kat\u0131l\u0131m"},"content":{"rendered":"<h6 class=\"titleBlack\">Kat\u0131l\u0131m \u015eartlar\u0131<\/h6>\n<div class=\"clear\"><\/div>\n<div class=\" \">\n<p><strong>Ba\u015fvuru<\/strong><\/p>\n<p>Bili\u015fim Y\u0131ld\u0131zlar\u0131 e-D\u00f6n\u00fc\u015f\u00fcm Yar\u0131\u015fmas\u0131 Ba\u015fvuru sayfas\u0131na ho\u015f geldiniz!<\/p>\n<p>Ba\u015fvurular\u0131 12 May\u0131s 2013 tarihine kadar yapabilirsiniz.<\/p>\n<p>Bili\u015fim Y\u0131ld\u0131zlar\u0131 e-D\u00f6n\u00fc\u015f\u00fcm Yar\u0131\u015fmas\u0131 ba\u015fvurular\u0131n\u0131 kat\u0131lmak istedi\u011finiz kategoriyi se\u00e7ip yapabilirisiniz. Kategoriler hakk\u0131nda ayr\u0131nt\u0131 bilgiyi<em> Bili\u015fim Y\u0131ld\u0131z\u0131 Kategorileri<\/em> k\u0131sm\u0131ndan \u00f6\u011frenebilirsiniz. Ba\u015fvuru kriterlerini ve kat\u0131l\u0131m \u015fartlar\u0131n\u0131 \u00f6\u011frenmek i\u00e7in <em>t\u0131klay\u0131n<\/em>.<\/p>\n<p>T\u00fcm kategorilere yap\u0131lan ba\u015fvurular \u00dcCRETS\u0130ZD\u0130R.<\/p>\n<\/div>\n<p style=\"width: 100%;padding: 15px;background-color: #f5f5f5;border-radius: 25px;font-family: calibri;text-align: right;vertical-align: middle\"><span style=\"float: left\"><br \/>\n<a href=\"https:\/\/bilisimyildizlari.org.tr\/2014\/\"><img decoding=\"async\" src=\"https:\/\/bilisimyildizlari.org.tr\/2014\/wp-content\/uploads\/sites\/3\/2021\/03\/fbilesim.jpg\" \/><\/a> \u00a0Bili\u015fim Yildizlari 2013<br \/>\n<\/span><br \/>\n<a href=\"https:\/\/www.tbd.org.tr\/\"><img decoding=\"async\" src=\"https:\/\/bilisimyildizlari.org.tr\/2014\/wp-content\/uploads\/sites\/3\/2021\/03\/f1.jpg\" \/><\/a><a href=\"https:\/\/www.btk.gov.tr\/\"><img decoding=\"async\" src=\"https:\/\/bilisimyildizlari.org.tr\/2014\/wp-content\/uploads\/sites\/3\/2021\/03\/f2.jpg\" \/><\/a><a href=\"https:\/\/www.uab.gov.tr\/\"><img decoding=\"async\" src=\"https:\/\/bilisimyildizlari.org.tr\/2014\/wp-content\/uploads\/sites\/3\/2021\/03\/f3.jpg\" \/><\/a><\/p>\n","protected":false},"excerpt":{"rendered":"<p>Kat\u0131l\u0131m \u015eartlar\u0131 Ba\u015fvuru Bili\u015fim Y\u0131ld\u0131zlar\u0131 e-D\u00f6n\u00fc\u015f\u00fcm Yar\u0131\u015fmas\u0131 Ba\u015fvuru sayfas\u0131na ho\u015f geldiniz! Ba\u015fvurular\u0131 12 May\u0131s 2013 tarihine kadar yapabilirsiniz. Bili\u015fim Y\u0131ld\u0131zlar\u0131 e-D\u00f6n\u00fc\u015f\u00fcm Yar\u0131\u015fmas\u0131 ba\u015fvurular\u0131n\u0131 kat\u0131lmak istedi\u011finiz<\/p>\n","protected":false},"author":5,"featured_media":0,"parent":0,"menu_order":0,"comment_status":"closed","ping_status":"closed","template":"","meta":{"footnotes":""},"class_list":["post-15","page","type-page","status-publish","hentry"],"yoast_head":"<!-- This site is optimized with the Yoast SEO plugin v27.5 - https:\/\/yoast.com\/product\/yoast-seo-wordpress\/ -->\n<title>Kat\u0131l\u0131m - Bili\u015fim Y\u0131ld\u0131zlar\u0131 2013<\/title>\n<meta name=\"robots\" content=\"index, follow, max-snippet:-1, max-image-preview:large, max-video-preview:-1\" \/>\n<link rel=\"canonical\" href=\"https:\/\/bilisimyildizlari.org.tr\/2013\/katilim-sartlari\/\" \/>\n<meta property=\"og:locale\" content=\"tr_TR\" \/>\n<meta property=\"og:type\" content=\"article\" \/>\n<meta property=\"og:title\" content=\"Kat\u0131l\u0131m - Bili\u015fim Y\u0131ld\u0131zlar\u0131 2013\" \/>\n<meta property=\"og:description\" content=\"Kat\u0131l\u0131m \u015eartlar\u0131 Ba\u015fvuru Bili\u015fim Y\u0131ld\u0131zlar\u0131 e-D\u00f6n\u00fc\u015f\u00fcm Yar\u0131\u015fmas\u0131 Ba\u015fvuru sayfas\u0131na ho\u015f geldiniz! Ba\u015fvurular\u0131 12 May\u0131s 2013 tarihine kadar yapabilirsiniz. Bili\u015fim Y\u0131ld\u0131zlar\u0131 e-D\u00f6n\u00fc\u015f\u00fcm Yar\u0131\u015fmas\u0131 ba\u015fvurular\u0131n\u0131 kat\u0131lmak istedi\u011finiz\" \/>\n<meta property=\"og:url\" content=\"https:\/\/bilisimyildizlari.org.tr\/2013\/katilim-sartlari\/\" \/>\n<meta property=\"og:site_name\" content=\"Bili\u015fim Y\u0131ld\u0131zlar\u0131 2013\" \/>\n<meta property=\"article:modified_time\" content=\"2021-06-20T18:57:24+00:00\" \/>\n<meta property=\"og:image\" content=\"https:\/\/bilisimyildizlari.org.tr\/2014\/wp-content\/uploads\/sites\/3\/2021\/03\/fbilesim.jpg\" \/>\n<meta name=\"twitter:card\" content=\"summary_large_image\" \/>\n<meta name=\"twitter:label1\" content=\"Tahmini okuma s\u00fcresi\" \/>\n\t<meta name=\"twitter:data1\" content=\"2 dakika\" \/>\n<script type=\"application\/ld+json\" class=\"yoast-schema-graph\">{\"@context\":\"https:\\\/\\\/schema.org\",\"@graph\":[{\"@type\":\"WebPage\",\"@id\":\"https:\\\/\\\/bilisimyildizlari.org.tr\\\/2013\\\/katilim-sartlari\\\/\",\"url\":\"https:\\\/\\\/bilisimyildizlari.org.tr\\\/2013\\\/katilim-sartlari\\\/\",\"name\":\"Kat\u0131l\u0131m - Bili\u015fim Y\u0131ld\u0131zlar\u0131 2013\",\"isPartOf\":{\"@id\":\"https:\\\/\\\/bilisimyildizlari.org.tr\\\/2013\\\/#website\"},\"primaryImageOfPage\":{\"@id\":\"https:\\\/\\\/bilisimyildizlari.org.tr\\\/2013\\\/katilim-sartlari\\\/#primaryimage\"},\"image\":{\"@id\":\"https:\\\/\\\/bilisimyildizlari.org.tr\\\/2013\\\/katilim-sartlari\\\/#primaryimage\"},\"thumbnailUrl\":\"https:\\\/\\\/bilisimyildizlari.org.tr\\\/2014\\\/wp-content\\\/uploads\\\/sites\\\/3\\\/2021\\\/03\\\/fbilesim.jpg\",\"datePublished\":\"2021-06-11T23:23:53+00:00\",\"dateModified\":\"2021-06-20T18:57:24+00:00\",\"breadcrumb\":{\"@id\":\"https:\\\/\\\/bilisimyildizlari.org.tr\\\/2013\\\/katilim-sartlari\\\/#breadcrumb\"},\"inLanguage\":\"tr\",\"potentialAction\":[{\"@type\":\"ReadAction\",\"target\":[\"https:\\\/\\\/bilisimyildizlari.org.tr\\\/2013\\\/katilim-sartlari\\\/\"]}]},{\"@type\":\"ImageObject\",\"inLanguage\":\"tr\",\"@id\":\"https:\\\/\\\/bilisimyildizlari.org.tr\\\/2013\\\/katilim-sartlari\\\/#primaryimage\",\"url\":\"https:\\\/\\\/bilisimyildizlari.org.tr\\\/2014\\\/wp-content\\\/uploads\\\/sites\\\/3\\\/2021\\\/03\\\/fbilesim.jpg\",\"contentUrl\":\"https:\\\/\\\/bilisimyildizlari.org.tr\\\/2014\\\/wp-content\\\/uploads\\\/sites\\\/3\\\/2021\\\/03\\\/fbilesim.jpg\"},{\"@type\":\"BreadcrumbList\",\"@id\":\"https:\\\/\\\/bilisimyildizlari.org.tr\\\/2013\\\/katilim-sartlari\\\/#breadcrumb\",\"itemListElement\":[{\"@type\":\"ListItem\",\"position\":1,\"name\":\"Anasayfa\",\"item\":\"https:\\\/\\\/bilisimyildizlari.org.tr\\\/2013\\\/\"},{\"@type\":\"ListItem\",\"position\":2,\"name\":\"Kat\u0131l\u0131m\"}]},{\"@type\":\"WebSite\",\"@id\":\"https:\\\/\\\/bilisimyildizlari.org.tr\\\/2013\\\/#website\",\"url\":\"https:\\\/\\\/bilisimyildizlari.org.tr\\\/2013\\\/\",\"name\":\"Bili\u015fim Y\u0131ld\u0131zlar\u0131 2013\",\"description\":\"\",\"publisher\":{\"@id\":\"https:\\\/\\\/bilisimyildizlari.org.tr\\\/2013\\\/#organization\"},\"potentialAction\":[{\"@type\":\"SearchAction\",\"target\":{\"@type\":\"EntryPoint\",\"urlTemplate\":\"https:\\\/\\\/bilisimyildizlari.org.tr\\\/2013\\\/?s={search_term_string}\"},\"query-input\":{\"@type\":\"PropertyValueSpecification\",\"valueRequired\":true,\"valueName\":\"search_term_string\"}}],\"inLanguage\":\"tr\"},{\"@type\":\"Organization\",\"@id\":\"https:\\\/\\\/bilisimyildizlari.org.tr\\\/2013\\\/#organization\",\"name\":\"Bili\u015fim Y\u0131ld\u0131zlar\u0131 2013\",\"url\":\"https:\\\/\\\/bilisimyildizlari.org.tr\\\/2013\\\/\",\"logo\":{\"@type\":\"ImageObject\",\"inLanguage\":\"tr\",\"@id\":\"https:\\\/\\\/bilisimyildizlari.org.tr\\\/2013\\\/#\\\/schema\\\/logo\\\/image\\\/\",\"url\":\"https:\\\/\\\/bilisimyildizlari.org.tr\\\/2013\\\/wp-content\\\/uploads\\\/sites\\\/4\\\/2022\\\/05\\\/cropped-TBD_ist_logo1.png\",\"contentUrl\":\"https:\\\/\\\/bilisimyildizlari.org.tr\\\/2013\\\/wp-content\\\/uploads\\\/sites\\\/4\\\/2022\\\/05\\\/cropped-TBD_ist_logo1.png\",\"width\":89,\"height\":80,\"caption\":\"Bili\u015fim Y\u0131ld\u0131zlar\u0131 2013\"},\"image\":{\"@id\":\"https:\\\/\\\/bilisimyildizlari.org.tr\\\/2013\\\/#\\\/schema\\\/logo\\\/image\\\/\"}}]}<\/script>\n<!-- \/ Yoast SEO plugin. -->","yoast_head_json":{"title":"Kat\u0131l\u0131m - Bili\u015fim Y\u0131ld\u0131zlar\u0131 2013","robots":{"index":"index","follow":"follow","max-snippet":"max-snippet:-1","max-image-preview":"max-image-preview:large","max-video-preview":"max-video-preview:-1"},"canonical":"https:\/\/bilisimyildizlari.org.tr\/2013\/katilim-sartlari\/","og_locale":"tr_TR","og_type":"article","og_title":"Kat\u0131l\u0131m - Bili\u015fim Y\u0131ld\u0131zlar\u0131 2013","og_description":"Kat\u0131l\u0131m \u015eartlar\u0131 Ba\u015fvuru Bili\u015fim Y\u0131ld\u0131zlar\u0131 e-D\u00f6n\u00fc\u015f\u00fcm Yar\u0131\u015fmas\u0131 Ba\u015fvuru sayfas\u0131na ho\u015f geldiniz! Ba\u015fvurular\u0131 12 May\u0131s 2013 tarihine kadar yapabilirsiniz. Bili\u015fim Y\u0131ld\u0131zlar\u0131 e-D\u00f6n\u00fc\u015f\u00fcm Yar\u0131\u015fmas\u0131 ba\u015fvurular\u0131n\u0131 kat\u0131lmak istedi\u011finiz","og_url":"https:\/\/bilisimyildizlari.org.tr\/2013\/katilim-sartlari\/","og_site_name":"Bili\u015fim Y\u0131ld\u0131zlar\u0131 2013","article_modified_time":"2021-06-20T18:57:24+00:00","og_image":[{"url":"https:\/\/bilisimyildizlari.org.tr\/2014\/wp-content\/uploads\/sites\/3\/2021\/03\/fbilesim.jpg","type":"","width":"","height":""}],"twitter_card":"summary_large_image","twitter_misc":{"Tahmini okuma s\u00fcresi":"2 dakika"},"schema":{"@context":"https:\/\/schema.org","@graph":[{"@type":"WebPage","@id":"https:\/\/bilisimyildizlari.org.tr\/2013\/katilim-sartlari\/","url":"https:\/\/bilisimyildizlari.org.tr\/2013\/katilim-sartlari\/","name":"Kat\u0131l\u0131m - Bili\u015fim Y\u0131ld\u0131zlar\u0131 2013","isPartOf":{"@id":"https:\/\/bilisimyildizlari.org.tr\/2013\/#website"},"primaryImageOfPage":{"@id":"https:\/\/bilisimyildizlari.org.tr\/2013\/katilim-sartlari\/#primaryimage"},"image":{"@id":"https:\/\/bilisimyildizlari.org.tr\/2013\/katilim-sartlari\/#primaryimage"},"thumbnailUrl":"https:\/\/bilisimyildizlari.org.tr\/2014\/wp-content\/uploads\/sites\/3\/2021\/03\/fbilesim.jpg","datePublished":"2021-06-11T23:23:53+00:00","dateModified":"2021-06-20T18:57:24+00:00","breadcrumb":{"@id":"https:\/\/bilisimyildizlari.org.tr\/2013\/katilim-sartlari\/#breadcrumb"},"inLanguage":"tr","potentialAction":[{"@type":"ReadAction","target":["https:\/\/bilisimyildizlari.org.tr\/2013\/katilim-sartlari\/"]}]},{"@type":"ImageObject","inLanguage":"tr","@id":"https:\/\/bilisimyildizlari.org.tr\/2013\/katilim-sartlari\/#primaryimage","url":"https:\/\/bilisimyildizlari.org.tr\/2014\/wp-content\/uploads\/sites\/3\/2021\/03\/fbilesim.jpg","contentUrl":"https:\/\/bilisimyildizlari.org.tr\/2014\/wp-content\/uploads\/sites\/3\/2021\/03\/fbilesim.jpg"},{"@type":"BreadcrumbList","@id":"https:\/\/bilisimyildizlari.org.tr\/2013\/katilim-sartlari\/#breadcrumb","itemListElement":[{"@type":"ListItem","position":1,"name":"Anasayfa","item":"https:\/\/bilisimyildizlari.org.tr\/2013\/"},{"@type":"ListItem","position":2,"name":"Kat\u0131l\u0131m"}]},{"@type":"WebSite","@id":"https:\/\/bilisimyildizlari.org.tr\/2013\/#website","url":"https:\/\/bilisimyildizlari.org.tr\/2013\/","name":"Bili\u015fim Y\u0131ld\u0131zlar\u0131 2013","description":"","publisher":{"@id":"https:\/\/bilisimyildizlari.org.tr\/2013\/#organization"},"potentialAction":[{"@type":"SearchAction","target":{"@type":"EntryPoint","urlTemplate":"https:\/\/bilisimyildizlari.org.tr\/2013\/?s={search_term_string}"},"query-input":{"@type":"PropertyValueSpecification","valueRequired":true,"valueName":"search_term_string"}}],"inLanguage":"tr"},{"@type":"Organization","@id":"https:\/\/bilisimyildizlari.org.tr\/2013\/#organization","name":"Bili\u015fim Y\u0131ld\u0131zlar\u0131 2013","url":"https:\/\/bilisimyildizlari.org.tr\/2013\/","logo":{"@type":"ImageObject","inLanguage":"tr","@id":"https:\/\/bilisimyildizlari.org.tr\/2013\/#\/schema\/logo\/image\/","url":"https:\/\/bilisimyildizlari.org.tr\/2013\/wp-content\/uploads\/sites\/4\/2022\/05\/cropped-TBD_ist_logo1.png","contentUrl":"https:\/\/bilisimyildizlari.org.tr\/2013\/wp-content\/uploads\/sites\/4\/2022\/05\/cropped-TBD_ist_logo1.png","width":89,"height":80,"caption":"Bili\u015fim Y\u0131ld\u0131zlar\u0131 2013"},"image":{"@id":"https:\/\/bilisimyildizlari.org.tr\/2013\/#\/schema\/logo\/image\/"}}]}},"_links":{"self":[{"href":"https:\/\/bilisimyildizlari.org.tr\/2013\/wp-json\/wp\/v2\/pages\/15","targetHints":{"allow":["GET"]}}],"collection":[{"href":"https:\/\/bilisimyildizlari.org.tr\/2013\/wp-json\/wp\/v2\/pages"}],"about":[{"href":"https:\/\/bilisimyildizlari.org.tr\/2013\/wp-json\/wp\/v2\/types\/page"}],"author":[{"embeddable":true,"href":"https:\/\/bilisimyildizlari.org.tr\/2013\/wp-json\/wp\/v2\/users\/5"}],"replies":[{"embeddable":true,"href":"https:\/\/bilisimyildizlari.org.tr\/2013\/wp-json\/wp\/v2\/comments?post=15"}],"version-history":[{"count":0,"href":"https:\/\/bilisimyildizlari.org.tr\/2013\/wp-json\/wp\/v2\/pages\/15\/revisions"}],"wp:attachment":[{"href":"https:\/\/bilisimyildizlari.org.tr\/2013\/wp-json\/wp\/v2\/media?parent=15"}],"curies":[{"name":"wp","href":"https:\/\/api.w.org\/{rel}","templated":true}]}}