{"id":1967,"date":"2025-11-26T16:04:50","date_gmt":"2025-11-26T13:04:50","guid":{"rendered":"https:\/\/bilisimyildizlari.org.tr\/2025\/?page_id=1967"},"modified":"2025-11-26T16:04:52","modified_gmt":"2025-11-26T13:04:52","slug":"akilli-hasta-yatagi","status":"publish","type":"page","link":"https:\/\/bilisimyildizlari.org.tr\/2025\/akilli-hasta-yatagi","title":{"rendered":"Ak\u0131ll\u0131 Hasta Yata\u011f\u0131"},"content":{"rendered":"\n<p><strong>KURUM<\/strong>: HIST END\u00dcSTR\u0130YEL SA\u011eLIK \u00dcR\u00dcNLER\u0130 ANON\u0130M \u015e\u0130RKET\u0130<\/p>\n\n\n\n<p><strong>SEH\u0130R<\/strong>: \u0130stanbul<\/p>\n\n\n\n<p><strong>PROJE URL<\/strong>: <a href=\"https:\/\/histendustriyel.com\/\">https:\/\/histendustriyel.com\/<\/a><\/p>\n\n\n\n<p><strong>D\u00dcZEY<\/strong>: Teknopark ve Teknokent Firmalar\u0131<\/p>\n\n\n\n<p><strong>ALAN<\/strong>: Ak\u0131ll\u0131 Uygulamalar (Sa\u011fl\u0131k, Tar\u0131m vb.)<\/p>\n\n\n\n<p><strong>PROJE \u00d6ZET<\/strong>: Biz iki m\u00fchendis karde\u015fiz ve babam\u0131z, 20 y\u0131l \u00f6nce ge\u00e7irdi\u011fi bir i\u015f kazas\u0131 sonucu %95 bedensel engelli hale geldi. 6 y\u0131l \u00f6nce, bas\u0131 (yatak) yaralar\u0131 olu\u015fmaya ba\u015flad\u0131 ve mevcut teknolojiler bu durumu iyile\u015ftirmekte yetersiz kald\u0131. Bu s\u00fcre\u00e7te, babam\u0131z\u0131n tedavisinde g\u00f6zle g\u00f6r\u00fcl\u00fcr bir ilerleme kaydedilemedi. Mevcut teknolojilerin eksikliklerini fark etti\u011fimizde, \u00e7\u00f6z\u00fcm \u00fcretmek i\u00e7in bir ad\u0131m atma karar\u0131 ald\u0131k.<br>3 y\u0131l \u00f6nce, bu soruna \u00e7\u00f6z\u00fcm bulabilmek ad\u0131na ara\u015ft\u0131rmalara ba\u015flad\u0131k ve sonunda kendi \u00e7\u00f6z\u00fcm\u00fcm\u00fcz olan Ak\u0131ll\u0131 Hasta Yataklar\u0131 projesini hayata ge\u00e7irmeye karar verdik. Projemiz kapsam\u0131nda, 2024 y\u0131l\u0131n\u0131n ikinci d\u00f6neminde T\u00dcB\u0130TAK B\u0130GG deste\u011fi almaya hak kazand\u0131k ve 26 Aral\u0131k 2024 tarihinde, Entertech Teknokent b\u00fcnyesinde \u015firketimizi kurduk.<br>Babam\u0131zdan ilham alarak geli\u015ftirdi\u011fimiz bu teknoloji, yaln\u0131zca bas\u0131 yaralar\u0131n\u0131n tedavisine katk\u0131 sa\u011flamakla kalmay\u0131p, engelli bireylerin ya\u015fam kalitesini iyile\u015ftirmeyi ve b\u00fct\u00e7elerini olumsuz etkileyen bu soruna bir \u00e7\u00f6z\u00fcm getirmeyi ama\u00e7l\u0131yor. Ak\u0131ll\u0131 hasta yata\u011f\u0131m\u0131z, bas\u0131 yaralar\u0131n\u0131n tedavisinde \u00f6nemli bir yenilik sunmay\u0131 hedefliyor ve bu alandaki eksiklikleri gidermek i\u00e7in g\u00fc\u00e7l\u00fc bir ad\u0131m at\u0131yoruz.<\/p>\n","protected":false},"excerpt":{"rendered":"<p>KURUM: HIST END\u00dcSTR\u0130YEL SA\u011eLIK \u00dcR\u00dcNLER\u0130 ANON\u0130M \u015e\u0130RKET\u0130 SEH\u0130R: \u0130stanbul PROJE URL: https:\/\/histendustriyel.com\/ D\u00dcZEY: Teknopark ve Teknokent Firmalar\u0131 ALAN: Ak\u0131ll\u0131 Uygulamalar (Sa\u011fl\u0131k, Tar\u0131m vb.) PROJE \u00d6ZET: Biz iki m\u00fchendis karde\u015fiz ve babam\u0131z, 20 y\u0131l \u00f6nce ge\u00e7irdi\u011fi bir i\u015f kazas\u0131 sonucu %95 bedensel engelli hale geldi. 6 y\u0131l \u00f6nce, bas\u0131 (yatak) yaralar\u0131 olu\u015fmaya ba\u015flad\u0131 ve mevcut teknolojiler &hellip; <\/p>\n","protected":false},"author":4,"featured_media":0,"parent":0,"menu_order":0,"comment_status":"closed","ping_status":"closed","template":"","meta":{"footnotes":""},"class_list":["post-1967","page","type-page","status-publish","hentry"],"yoast_head":"<!-- This site is optimized with the Yoast SEO plugin v27.5 - https:\/\/yoast.com\/product\/yoast-seo-wordpress\/ -->\n<title>Ak\u0131ll\u0131 Hasta Yata\u011f\u0131 - Bili\u015fim Y\u0131ld\u0131zlar\u0131 2025<\/title>\n<meta name=\"robots\" content=\"index, follow, max-snippet:-1, max-image-preview:large, max-video-preview:-1\" \/>\n<link rel=\"canonical\" href=\"https:\/\/bilisimyildizlari.org.tr\/2025\/akilli-hasta-yatagi\" \/>\n<meta property=\"og:locale\" content=\"tr_TR\" \/>\n<meta property=\"og:type\" content=\"article\" \/>\n<meta property=\"og:title\" content=\"Ak\u0131ll\u0131 Hasta Yata\u011f\u0131 - Bili\u015fim Y\u0131ld\u0131zlar\u0131 2025\" \/>\n<meta property=\"og:description\" content=\"KURUM: HIST END\u00dcSTR\u0130YEL SA\u011eLIK \u00dcR\u00dcNLER\u0130 ANON\u0130M \u015e\u0130RKET\u0130 SEH\u0130R: \u0130stanbul PROJE URL: https:\/\/histendustriyel.com\/ D\u00dcZEY: Teknopark ve Teknokent Firmalar\u0131 ALAN: Ak\u0131ll\u0131 Uygulamalar (Sa\u011fl\u0131k, Tar\u0131m vb.) PROJE \u00d6ZET: Biz iki m\u00fchendis karde\u015fiz ve babam\u0131z, 20 y\u0131l \u00f6nce ge\u00e7irdi\u011fi bir i\u015f kazas\u0131 sonucu %95 bedensel engelli hale geldi. 6 y\u0131l \u00f6nce, bas\u0131 (yatak) yaralar\u0131 olu\u015fmaya ba\u015flad\u0131 ve mevcut teknolojiler &hellip;\" \/>\n<meta property=\"og:url\" content=\"https:\/\/bilisimyildizlari.org.tr\/2025\/akilli-hasta-yatagi\" \/>\n<meta property=\"og:site_name\" content=\"Bili\u015fim Y\u0131ld\u0131zlar\u0131 2025\" \/>\n<meta property=\"article:modified_time\" content=\"2025-11-26T13:04:52+00:00\" \/>\n<meta name=\"twitter:card\" content=\"summary_large_image\" \/>\n<meta name=\"twitter:label1\" content=\"Tahmini okuma s\u00fcresi\" \/>\n\t<meta name=\"twitter:data1\" content=\"2 dakika\" \/>\n<script type=\"application\/ld+json\" class=\"yoast-schema-graph\">{\"@context\":\"https:\\\/\\\/schema.org\",\"@graph\":[{\"@type\":\"WebPage\",\"@id\":\"https:\\\/\\\/bilisimyildizlari.org.tr\\\/2025\\\/akilli-hasta-yatagi\",\"url\":\"https:\\\/\\\/bilisimyildizlari.org.tr\\\/2025\\\/akilli-hasta-yatagi\",\"name\":\"Ak\u0131ll\u0131 Hasta Yata\u011f\u0131 - Bili\u015fim Y\u0131ld\u0131zlar\u0131 2025\",\"isPartOf\":{\"@id\":\"https:\\\/\\\/bilisimyildizlari.org.tr\\\/2025\\\/#website\"},\"datePublished\":\"2025-11-26T13:04:50+00:00\",\"dateModified\":\"2025-11-26T13:04:52+00:00\",\"breadcrumb\":{\"@id\":\"https:\\\/\\\/bilisimyildizlari.org.tr\\\/2025\\\/akilli-hasta-yatagi#breadcrumb\"},\"inLanguage\":\"tr\",\"potentialAction\":[{\"@type\":\"ReadAction\",\"target\":[\"https:\\\/\\\/bilisimyildizlari.org.tr\\\/2025\\\/akilli-hasta-yatagi\"]}]},{\"@type\":\"BreadcrumbList\",\"@id\":\"https:\\\/\\\/bilisimyildizlari.org.tr\\\/2025\\\/akilli-hasta-yatagi#breadcrumb\",\"itemListElement\":[{\"@type\":\"ListItem\",\"position\":1,\"name\":\"Anasayfa\",\"item\":\"https:\\\/\\\/bilisimyildizlari.org.tr\\\/2025\\\/\"},{\"@type\":\"ListItem\",\"position\":2,\"name\":\"Ak\u0131ll\u0131 Hasta Yata\u011f\u0131\"}]},{\"@type\":\"WebSite\",\"@id\":\"https:\\\/\\\/bilisimyildizlari.org.tr\\\/2025\\\/#website\",\"url\":\"https:\\\/\\\/bilisimyildizlari.org.tr\\\/2025\\\/\",\"name\":\"Bili\u015fim Y\u0131ld\u0131zlar\u0131 2025\",\"description\":\"TBD \u0130stanbul Bili\u015fim Y\u0131ld\u0131zlar\u0131 Yar\u0131\u015fmas\u0131\",\"publisher\":{\"@id\":\"https:\\\/\\\/bilisimyildizlari.org.tr\\\/2025\\\/#organization\"},\"potentialAction\":[{\"@type\":\"SearchAction\",\"target\":{\"@type\":\"EntryPoint\",\"urlTemplate\":\"https:\\\/\\\/bilisimyildizlari.org.tr\\\/2025\\\/?s={search_term_string}\"},\"query-input\":{\"@type\":\"PropertyValueSpecification\",\"valueRequired\":true,\"valueName\":\"search_term_string\"}}],\"inLanguage\":\"tr\"},{\"@type\":\"Organization\",\"@id\":\"https:\\\/\\\/bilisimyildizlari.org.tr\\\/2025\\\/#organization\",\"name\":\"Bili\u015fim Y\u0131ld\u0131zlar\u0131 2025\",\"url\":\"https:\\\/\\\/bilisimyildizlari.org.tr\\\/2025\\\/\",\"logo\":{\"@type\":\"ImageObject\",\"inLanguage\":\"tr\",\"@id\":\"https:\\\/\\\/bilisimyildizlari.org.tr\\\/2025\\\/#\\\/schema\\\/logo\\\/image\\\/\",\"url\":\"https:\\\/\\\/bilisimyildizlari.org.tr\\\/2025\\\/wp-content\\\/uploads\\\/sites\\\/9\\\/2022\\\/04\\\/TBD_ist_logo1.png\",\"contentUrl\":\"https:\\\/\\\/bilisimyildizlari.org.tr\\\/2025\\\/wp-content\\\/uploads\\\/sites\\\/9\\\/2022\\\/04\\\/TBD_ist_logo1.png\",\"width\":185,\"height\":80,\"caption\":\"Bili\u015fim Y\u0131ld\u0131zlar\u0131 2025 \"},\"image\":{\"@id\":\"https:\\\/\\\/bilisimyildizlari.org.tr\\\/2025\\\/#\\\/schema\\\/logo\\\/image\\\/\"}}]}<\/script>\n<!-- \/ Yoast SEO plugin. -->","yoast_head_json":{"title":"Ak\u0131ll\u0131 Hasta Yata\u011f\u0131 - Bili\u015fim Y\u0131ld\u0131zlar\u0131 2025","robots":{"index":"index","follow":"follow","max-snippet":"max-snippet:-1","max-image-preview":"max-image-preview:large","max-video-preview":"max-video-preview:-1"},"canonical":"https:\/\/bilisimyildizlari.org.tr\/2025\/akilli-hasta-yatagi","og_locale":"tr_TR","og_type":"article","og_title":"Ak\u0131ll\u0131 Hasta Yata\u011f\u0131 - Bili\u015fim Y\u0131ld\u0131zlar\u0131 2025","og_description":"KURUM: HIST END\u00dcSTR\u0130YEL SA\u011eLIK \u00dcR\u00dcNLER\u0130 ANON\u0130M \u015e\u0130RKET\u0130 SEH\u0130R: \u0130stanbul PROJE URL: https:\/\/histendustriyel.com\/ D\u00dcZEY: Teknopark ve Teknokent Firmalar\u0131 ALAN: Ak\u0131ll\u0131 Uygulamalar (Sa\u011fl\u0131k, Tar\u0131m vb.) PROJE \u00d6ZET: Biz iki m\u00fchendis karde\u015fiz ve babam\u0131z, 20 y\u0131l \u00f6nce ge\u00e7irdi\u011fi bir i\u015f kazas\u0131 sonucu %95 bedensel engelli hale geldi. 6 y\u0131l \u00f6nce, bas\u0131 (yatak) yaralar\u0131 olu\u015fmaya ba\u015flad\u0131 ve mevcut teknolojiler &hellip;","og_url":"https:\/\/bilisimyildizlari.org.tr\/2025\/akilli-hasta-yatagi","og_site_name":"Bili\u015fim Y\u0131ld\u0131zlar\u0131 2025","article_modified_time":"2025-11-26T13:04:52+00:00","twitter_card":"summary_large_image","twitter_misc":{"Tahmini okuma s\u00fcresi":"2 dakika"},"schema":{"@context":"https:\/\/schema.org","@graph":[{"@type":"WebPage","@id":"https:\/\/bilisimyildizlari.org.tr\/2025\/akilli-hasta-yatagi","url":"https:\/\/bilisimyildizlari.org.tr\/2025\/akilli-hasta-yatagi","name":"Ak\u0131ll\u0131 Hasta Yata\u011f\u0131 - Bili\u015fim Y\u0131ld\u0131zlar\u0131 2025","isPartOf":{"@id":"https:\/\/bilisimyildizlari.org.tr\/2025\/#website"},"datePublished":"2025-11-26T13:04:50+00:00","dateModified":"2025-11-26T13:04:52+00:00","breadcrumb":{"@id":"https:\/\/bilisimyildizlari.org.tr\/2025\/akilli-hasta-yatagi#breadcrumb"},"inLanguage":"tr","potentialAction":[{"@type":"ReadAction","target":["https:\/\/bilisimyildizlari.org.tr\/2025\/akilli-hasta-yatagi"]}]},{"@type":"BreadcrumbList","@id":"https:\/\/bilisimyildizlari.org.tr\/2025\/akilli-hasta-yatagi#breadcrumb","itemListElement":[{"@type":"ListItem","position":1,"name":"Anasayfa","item":"https:\/\/bilisimyildizlari.org.tr\/2025\/"},{"@type":"ListItem","position":2,"name":"Ak\u0131ll\u0131 Hasta Yata\u011f\u0131"}]},{"@type":"WebSite","@id":"https:\/\/bilisimyildizlari.org.tr\/2025\/#website","url":"https:\/\/bilisimyildizlari.org.tr\/2025\/","name":"Bili\u015fim Y\u0131ld\u0131zlar\u0131 2025","description":"TBD \u0130stanbul Bili\u015fim Y\u0131ld\u0131zlar\u0131 Yar\u0131\u015fmas\u0131","publisher":{"@id":"https:\/\/bilisimyildizlari.org.tr\/2025\/#organization"},"potentialAction":[{"@type":"SearchAction","target":{"@type":"EntryPoint","urlTemplate":"https:\/\/bilisimyildizlari.org.tr\/2025\/?s={search_term_string}"},"query-input":{"@type":"PropertyValueSpecification","valueRequired":true,"valueName":"search_term_string"}}],"inLanguage":"tr"},{"@type":"Organization","@id":"https:\/\/bilisimyildizlari.org.tr\/2025\/#organization","name":"Bili\u015fim Y\u0131ld\u0131zlar\u0131 2025","url":"https:\/\/bilisimyildizlari.org.tr\/2025\/","logo":{"@type":"ImageObject","inLanguage":"tr","@id":"https:\/\/bilisimyildizlari.org.tr\/2025\/#\/schema\/logo\/image\/","url":"https:\/\/bilisimyildizlari.org.tr\/2025\/wp-content\/uploads\/sites\/9\/2022\/04\/TBD_ist_logo1.png","contentUrl":"https:\/\/bilisimyildizlari.org.tr\/2025\/wp-content\/uploads\/sites\/9\/2022\/04\/TBD_ist_logo1.png","width":185,"height":80,"caption":"Bili\u015fim Y\u0131ld\u0131zlar\u0131 2025 "},"image":{"@id":"https:\/\/bilisimyildizlari.org.tr\/2025\/#\/schema\/logo\/image\/"}}]}},"_links":{"self":[{"href":"https:\/\/bilisimyildizlari.org.tr\/2025\/wp-json\/wp\/v2\/pages\/1967","targetHints":{"allow":["GET"]}}],"collection":[{"href":"https:\/\/bilisimyildizlari.org.tr\/2025\/wp-json\/wp\/v2\/pages"}],"about":[{"href":"https:\/\/bilisimyildizlari.org.tr\/2025\/wp-json\/wp\/v2\/types\/page"}],"author":[{"embeddable":true,"href":"https:\/\/bilisimyildizlari.org.tr\/2025\/wp-json\/wp\/v2\/users\/4"}],"replies":[{"embeddable":true,"href":"https:\/\/bilisimyildizlari.org.tr\/2025\/wp-json\/wp\/v2\/comments?post=1967"}],"version-history":[{"count":1,"href":"https:\/\/bilisimyildizlari.org.tr\/2025\/wp-json\/wp\/v2\/pages\/1967\/revisions"}],"predecessor-version":[{"id":1968,"href":"https:\/\/bilisimyildizlari.org.tr\/2025\/wp-json\/wp\/v2\/pages\/1967\/revisions\/1968"}],"wp:attachment":[{"href":"https:\/\/bilisimyildizlari.org.tr\/2025\/wp-json\/wp\/v2\/media?parent=1967"}],"curies":[{"name":"wp","href":"https:\/\/api.w.org\/{rel}","templated":true}]}}