{"id":2001,"date":"2025-11-26T16:33:29","date_gmt":"2025-11-26T13:33:29","guid":{"rendered":"https:\/\/bilisimyildizlari.org.tr\/2025\/?page_id=2001"},"modified":"2025-11-26T16:33:32","modified_gmt":"2025-11-26T13:33:32","slug":"mikroiklim-yenisehir-projesi","status":"publish","type":"page","link":"https:\/\/bilisimyildizlari.org.tr\/2025\/mikroiklim-yenisehir-projesi","title":{"rendered":"Mikroiklim Yeni\u015fehir Projesi"},"content":{"rendered":"\n<p><strong>KURUM<\/strong>: Mersin Yeni\u015fehir Belediyesi<\/p>\n\n\n\n<p><strong>SEH\u0130R<\/strong>: \u0130\u00e7el (Mersin)<\/p>\n\n\n\n<p><strong><a href=\"https:\/\/yenisehir.bel.tr\/tr\/baskan-ozyigit-iklim-degisikligine-direncli-akilli-bir-kent-olusturuyoruz\">PROJE URL<\/a><\/strong><\/p>\n\n\n\n<p><strong>D\u00dcZEY<\/strong>: Yerel Y\u00f6netimler<\/p>\n\n\n\n<p><strong>ALAN<\/strong>: Ak\u0131ll\u0131 \u015eehirler<\/p>\n\n\n\n<p><strong>PROJE \u00d6ZET<\/strong>: Mikroiklim Yeni\u015fehir Projesi, Mersin\u2019in Yeni\u015fehir il\u00e7esinde giderek artan iklim de\u011fi\u015fikli\u011fi kaynakl\u0131 \u00e7evresel risklere kar\u015f\u0131 bilim temelli, dijital ve \u00f6nleyici \u00e7\u00f6z\u00fcmler \u00fcretmeyi ama\u00e7layan kapsaml\u0131 bir yerel iklim uyum giri\u015fimidir. Mersin\u2019de son y\u0131llarda artan s\u0131cakl\u0131klar, s\u0131kla\u015fan s\u0131cak hava dalgalar\u0131, kentsel \u0131s\u0131 adas\u0131 etkisi ve hava kirlili\u011fi, \u00f6zellikle ya\u015fl\u0131 bireyler gibi k\u0131r\u0131lgan gruplar \u00fczerinde ciddi sa\u011fl\u0131k riskleri olu\u015fturmaktad\u0131r. 1990\u20132022 y\u0131llar\u0131 aras\u0131nda, kentte 30\u00b0C\u2019nin \u00fczerinde seyreden 3.176 g\u00fcn ya\u015fanm\u0131\u015f, \u00f6\u011fle saatlerinde ise s\u0131cakl\u0131klar yerle\u015fim alanlar\u0131nda 40\u00b0C\u2019ye ula\u015farak ya\u015fam kalitesini ve halk sa\u011fl\u0131\u011f\u0131n\u0131 tehdit eden bir d\u00fczeye ula\u015fm\u0131\u015ft\u0131r.<br>Proje kapsam\u0131nda, Co\u011frafi Bilgi Sistemleri (CBS) destekli mikroiklim sim\u00fclasyonlar\u0131 kullan\u0131larak, s\u0131cakl\u0131k, nem, y\u00fczey s\u0131cakl\u0131klar\u0131, r\u00fczg\u00e2r h\u0131z\u0131 ve y\u00f6n\u00fc gibi meteorolojik verilerle birlikte, insan sa\u011fl\u0131\u011f\u0131 \u00fczerindeki etkiler analiz edilmekte; en riskli b\u00f6lgeler belirlenmektedir. Bu b\u00f6lgelerdeki yap\u0131la\u015fma bi\u00e7imi, peyzaj d\u00fczenlemeleri ve y\u00fczey malzemesi tercihleri gibi fiziksel m\u00fcdahaleler, farkl\u0131 senaryolar alt\u0131nda dijital ortamda test edilerek uygulama \u00f6ncesinde en uygun \u00e7\u00f6z\u00fcm yollar\u0131 geli\u015ftirilmektedir. B\u00f6ylece, olumsuz etkiler minimize edilip, olumlu etkiler en \u00fcst d\u00fczeye \u00e7\u0131kar\u0131lmaktad\u0131r.<br>Mikroiklim Yeni\u015fehir Projesi, yerel y\u00f6netimlerin iklim de\u011fi\u015fikli\u011fine kar\u015f\u0131 daha diren\u00e7li ve sa\u011fl\u0131kl\u0131 kentler olu\u015fturma kapasitesini g\u00fc\u00e7lendirmekte, karar alma s\u00fcre\u00e7lerinde veri temelli, \u00f6ng\u00f6r\u00fclebilir ve s\u00fcrd\u00fcr\u00fclebilir bir yakla\u015f\u0131m sunmaktad\u0131r.<\/p>\n","protected":false},"excerpt":{"rendered":"<p>KURUM: Mersin Yeni\u015fehir Belediyesi SEH\u0130R: \u0130\u00e7el (Mersin) PROJE URL D\u00dcZEY: Yerel Y\u00f6netimler ALAN: Ak\u0131ll\u0131 \u015eehirler PROJE \u00d6ZET: Mikroiklim Yeni\u015fehir Projesi, Mersin\u2019in Yeni\u015fehir il\u00e7esinde giderek artan iklim de\u011fi\u015fikli\u011fi kaynakl\u0131 \u00e7evresel risklere kar\u015f\u0131 bilim temelli, dijital ve \u00f6nleyici \u00e7\u00f6z\u00fcmler \u00fcretmeyi ama\u00e7layan kapsaml\u0131 bir yerel iklim uyum giri\u015fimidir. Mersin\u2019de son y\u0131llarda artan s\u0131cakl\u0131klar, s\u0131kla\u015fan s\u0131cak hava dalgalar\u0131, kentsel &hellip; <\/p>\n","protected":false},"author":4,"featured_media":0,"parent":0,"menu_order":0,"comment_status":"closed","ping_status":"closed","template":"","meta":{"footnotes":""},"class_list":["post-2001","page","type-page","status-publish","hentry"],"yoast_head":"<!-- This site is optimized with the Yoast SEO plugin v27.5 - https:\/\/yoast.com\/product\/yoast-seo-wordpress\/ -->\n<title>Mikroiklim Yeni\u015fehir Projesi - Bili\u015fim Y\u0131ld\u0131zlar\u0131 2025<\/title>\n<meta name=\"robots\" content=\"index, follow, max-snippet:-1, max-image-preview:large, max-video-preview:-1\" \/>\n<link rel=\"canonical\" href=\"https:\/\/bilisimyildizlari.org.tr\/2025\/mikroiklim-yenisehir-projesi\" \/>\n<meta property=\"og:locale\" content=\"tr_TR\" \/>\n<meta property=\"og:type\" content=\"article\" \/>\n<meta property=\"og:title\" content=\"Mikroiklim Yeni\u015fehir Projesi - Bili\u015fim Y\u0131ld\u0131zlar\u0131 2025\" \/>\n<meta property=\"og:description\" content=\"KURUM: Mersin Yeni\u015fehir Belediyesi SEH\u0130R: \u0130\u00e7el (Mersin) PROJE URL D\u00dcZEY: Yerel Y\u00f6netimler ALAN: Ak\u0131ll\u0131 \u015eehirler PROJE \u00d6ZET: Mikroiklim Yeni\u015fehir Projesi, Mersin\u2019in Yeni\u015fehir il\u00e7esinde giderek artan iklim de\u011fi\u015fikli\u011fi kaynakl\u0131 \u00e7evresel risklere kar\u015f\u0131 bilim temelli, dijital ve \u00f6nleyici \u00e7\u00f6z\u00fcmler \u00fcretmeyi ama\u00e7layan kapsaml\u0131 bir yerel iklim uyum giri\u015fimidir. Mersin\u2019de son y\u0131llarda artan s\u0131cakl\u0131klar, s\u0131kla\u015fan s\u0131cak hava dalgalar\u0131, kentsel &hellip;\" \/>\n<meta property=\"og:url\" content=\"https:\/\/bilisimyildizlari.org.tr\/2025\/mikroiklim-yenisehir-projesi\" \/>\n<meta property=\"og:site_name\" content=\"Bili\u015fim Y\u0131ld\u0131zlar\u0131 2025\" \/>\n<meta property=\"article:modified_time\" content=\"2025-11-26T13:33:32+00:00\" \/>\n<meta name=\"twitter:card\" content=\"summary_large_image\" \/>\n<meta name=\"twitter:label1\" content=\"Tahmini okuma s\u00fcresi\" \/>\n\t<meta name=\"twitter:data1\" content=\"2 dakika\" \/>\n<script type=\"application\/ld+json\" class=\"yoast-schema-graph\">{\"@context\":\"https:\\\/\\\/schema.org\",\"@graph\":[{\"@type\":\"WebPage\",\"@id\":\"https:\\\/\\\/bilisimyildizlari.org.tr\\\/2025\\\/mikroiklim-yenisehir-projesi\",\"url\":\"https:\\\/\\\/bilisimyildizlari.org.tr\\\/2025\\\/mikroiklim-yenisehir-projesi\",\"name\":\"Mikroiklim Yeni\u015fehir Projesi - Bili\u015fim Y\u0131ld\u0131zlar\u0131 2025\",\"isPartOf\":{\"@id\":\"https:\\\/\\\/bilisimyildizlari.org.tr\\\/2025\\\/#website\"},\"datePublished\":\"2025-11-26T13:33:29+00:00\",\"dateModified\":\"2025-11-26T13:33:32+00:00\",\"breadcrumb\":{\"@id\":\"https:\\\/\\\/bilisimyildizlari.org.tr\\\/2025\\\/mikroiklim-yenisehir-projesi#breadcrumb\"},\"inLanguage\":\"tr\",\"potentialAction\":[{\"@type\":\"ReadAction\",\"target\":[\"https:\\\/\\\/bilisimyildizlari.org.tr\\\/2025\\\/mikroiklim-yenisehir-projesi\"]}]},{\"@type\":\"BreadcrumbList\",\"@id\":\"https:\\\/\\\/bilisimyildizlari.org.tr\\\/2025\\\/mikroiklim-yenisehir-projesi#breadcrumb\",\"itemListElement\":[{\"@type\":\"ListItem\",\"position\":1,\"name\":\"Anasayfa\",\"item\":\"https:\\\/\\\/bilisimyildizlari.org.tr\\\/2025\\\/\"},{\"@type\":\"ListItem\",\"position\":2,\"name\":\"Mikroiklim Yeni\u015fehir Projesi\"}]},{\"@type\":\"WebSite\",\"@id\":\"https:\\\/\\\/bilisimyildizlari.org.tr\\\/2025\\\/#website\",\"url\":\"https:\\\/\\\/bilisimyildizlari.org.tr\\\/2025\\\/\",\"name\":\"Bili\u015fim Y\u0131ld\u0131zlar\u0131 2025\",\"description\":\"TBD \u0130stanbul Bili\u015fim Y\u0131ld\u0131zlar\u0131 Yar\u0131\u015fmas\u0131\",\"publisher\":{\"@id\":\"https:\\\/\\\/bilisimyildizlari.org.tr\\\/2025\\\/#organization\"},\"potentialAction\":[{\"@type\":\"SearchAction\",\"target\":{\"@type\":\"EntryPoint\",\"urlTemplate\":\"https:\\\/\\\/bilisimyildizlari.org.tr\\\/2025\\\/?s={search_term_string}\"},\"query-input\":{\"@type\":\"PropertyValueSpecification\",\"valueRequired\":true,\"valueName\":\"search_term_string\"}}],\"inLanguage\":\"tr\"},{\"@type\":\"Organization\",\"@id\":\"https:\\\/\\\/bilisimyildizlari.org.tr\\\/2025\\\/#organization\",\"name\":\"Bili\u015fim Y\u0131ld\u0131zlar\u0131 2025\",\"url\":\"https:\\\/\\\/bilisimyildizlari.org.tr\\\/2025\\\/\",\"logo\":{\"@type\":\"ImageObject\",\"inLanguage\":\"tr\",\"@id\":\"https:\\\/\\\/bilisimyildizlari.org.tr\\\/2025\\\/#\\\/schema\\\/logo\\\/image\\\/\",\"url\":\"https:\\\/\\\/bilisimyildizlari.org.tr\\\/2025\\\/wp-content\\\/uploads\\\/sites\\\/9\\\/2022\\\/04\\\/TBD_ist_logo1.png\",\"contentUrl\":\"https:\\\/\\\/bilisimyildizlari.org.tr\\\/2025\\\/wp-content\\\/uploads\\\/sites\\\/9\\\/2022\\\/04\\\/TBD_ist_logo1.png\",\"width\":185,\"height\":80,\"caption\":\"Bili\u015fim Y\u0131ld\u0131zlar\u0131 2025 \"},\"image\":{\"@id\":\"https:\\\/\\\/bilisimyildizlari.org.tr\\\/2025\\\/#\\\/schema\\\/logo\\\/image\\\/\"}}]}<\/script>\n<!-- \/ Yoast SEO plugin. -->","yoast_head_json":{"title":"Mikroiklim Yeni\u015fehir Projesi - Bili\u015fim Y\u0131ld\u0131zlar\u0131 2025","robots":{"index":"index","follow":"follow","max-snippet":"max-snippet:-1","max-image-preview":"max-image-preview:large","max-video-preview":"max-video-preview:-1"},"canonical":"https:\/\/bilisimyildizlari.org.tr\/2025\/mikroiklim-yenisehir-projesi","og_locale":"tr_TR","og_type":"article","og_title":"Mikroiklim Yeni\u015fehir Projesi - Bili\u015fim Y\u0131ld\u0131zlar\u0131 2025","og_description":"KURUM: Mersin Yeni\u015fehir Belediyesi SEH\u0130R: \u0130\u00e7el (Mersin) PROJE URL D\u00dcZEY: Yerel Y\u00f6netimler ALAN: Ak\u0131ll\u0131 \u015eehirler PROJE \u00d6ZET: Mikroiklim Yeni\u015fehir Projesi, Mersin\u2019in Yeni\u015fehir il\u00e7esinde giderek artan iklim de\u011fi\u015fikli\u011fi kaynakl\u0131 \u00e7evresel risklere kar\u015f\u0131 bilim temelli, dijital ve \u00f6nleyici \u00e7\u00f6z\u00fcmler \u00fcretmeyi ama\u00e7layan kapsaml\u0131 bir yerel iklim uyum giri\u015fimidir. Mersin\u2019de son y\u0131llarda artan s\u0131cakl\u0131klar, s\u0131kla\u015fan s\u0131cak hava dalgalar\u0131, kentsel &hellip;","og_url":"https:\/\/bilisimyildizlari.org.tr\/2025\/mikroiklim-yenisehir-projesi","og_site_name":"Bili\u015fim Y\u0131ld\u0131zlar\u0131 2025","article_modified_time":"2025-11-26T13:33:32+00:00","twitter_card":"summary_large_image","twitter_misc":{"Tahmini okuma s\u00fcresi":"2 dakika"},"schema":{"@context":"https:\/\/schema.org","@graph":[{"@type":"WebPage","@id":"https:\/\/bilisimyildizlari.org.tr\/2025\/mikroiklim-yenisehir-projesi","url":"https:\/\/bilisimyildizlari.org.tr\/2025\/mikroiklim-yenisehir-projesi","name":"Mikroiklim Yeni\u015fehir Projesi - Bili\u015fim Y\u0131ld\u0131zlar\u0131 2025","isPartOf":{"@id":"https:\/\/bilisimyildizlari.org.tr\/2025\/#website"},"datePublished":"2025-11-26T13:33:29+00:00","dateModified":"2025-11-26T13:33:32+00:00","breadcrumb":{"@id":"https:\/\/bilisimyildizlari.org.tr\/2025\/mikroiklim-yenisehir-projesi#breadcrumb"},"inLanguage":"tr","potentialAction":[{"@type":"ReadAction","target":["https:\/\/bilisimyildizlari.org.tr\/2025\/mikroiklim-yenisehir-projesi"]}]},{"@type":"BreadcrumbList","@id":"https:\/\/bilisimyildizlari.org.tr\/2025\/mikroiklim-yenisehir-projesi#breadcrumb","itemListElement":[{"@type":"ListItem","position":1,"name":"Anasayfa","item":"https:\/\/bilisimyildizlari.org.tr\/2025\/"},{"@type":"ListItem","position":2,"name":"Mikroiklim Yeni\u015fehir Projesi"}]},{"@type":"WebSite","@id":"https:\/\/bilisimyildizlari.org.tr\/2025\/#website","url":"https:\/\/bilisimyildizlari.org.tr\/2025\/","name":"Bili\u015fim Y\u0131ld\u0131zlar\u0131 2025","description":"TBD \u0130stanbul Bili\u015fim Y\u0131ld\u0131zlar\u0131 Yar\u0131\u015fmas\u0131","publisher":{"@id":"https:\/\/bilisimyildizlari.org.tr\/2025\/#organization"},"potentialAction":[{"@type":"SearchAction","target":{"@type":"EntryPoint","urlTemplate":"https:\/\/bilisimyildizlari.org.tr\/2025\/?s={search_term_string}"},"query-input":{"@type":"PropertyValueSpecification","valueRequired":true,"valueName":"search_term_string"}}],"inLanguage":"tr"},{"@type":"Organization","@id":"https:\/\/bilisimyildizlari.org.tr\/2025\/#organization","name":"Bili\u015fim Y\u0131ld\u0131zlar\u0131 2025","url":"https:\/\/bilisimyildizlari.org.tr\/2025\/","logo":{"@type":"ImageObject","inLanguage":"tr","@id":"https:\/\/bilisimyildizlari.org.tr\/2025\/#\/schema\/logo\/image\/","url":"https:\/\/bilisimyildizlari.org.tr\/2025\/wp-content\/uploads\/sites\/9\/2022\/04\/TBD_ist_logo1.png","contentUrl":"https:\/\/bilisimyildizlari.org.tr\/2025\/wp-content\/uploads\/sites\/9\/2022\/04\/TBD_ist_logo1.png","width":185,"height":80,"caption":"Bili\u015fim Y\u0131ld\u0131zlar\u0131 2025 "},"image":{"@id":"https:\/\/bilisimyildizlari.org.tr\/2025\/#\/schema\/logo\/image\/"}}]}},"_links":{"self":[{"href":"https:\/\/bilisimyildizlari.org.tr\/2025\/wp-json\/wp\/v2\/pages\/2001","targetHints":{"allow":["GET"]}}],"collection":[{"href":"https:\/\/bilisimyildizlari.org.tr\/2025\/wp-json\/wp\/v2\/pages"}],"about":[{"href":"https:\/\/bilisimyildizlari.org.tr\/2025\/wp-json\/wp\/v2\/types\/page"}],"author":[{"embeddable":true,"href":"https:\/\/bilisimyildizlari.org.tr\/2025\/wp-json\/wp\/v2\/users\/4"}],"replies":[{"embeddable":true,"href":"https:\/\/bilisimyildizlari.org.tr\/2025\/wp-json\/wp\/v2\/comments?post=2001"}],"version-history":[{"count":1,"href":"https:\/\/bilisimyildizlari.org.tr\/2025\/wp-json\/wp\/v2\/pages\/2001\/revisions"}],"predecessor-version":[{"id":2002,"href":"https:\/\/bilisimyildizlari.org.tr\/2025\/wp-json\/wp\/v2\/pages\/2001\/revisions\/2002"}],"wp:attachment":[{"href":"https:\/\/bilisimyildizlari.org.tr\/2025\/wp-json\/wp\/v2\/media?parent=2001"}],"curies":[{"name":"wp","href":"https:\/\/api.w.org\/{rel}","templated":true}]}}