{"id":40,"date":"2018-10-04T09:45:13","date_gmt":"2018-10-04T09:45:13","guid":{"rendered":"http:\/\/rarathemesdemo.com\/the-conference-pro\/?page_id=40"},"modified":"2022-06-14T15:33:07","modified_gmt":"2022-06-14T12:33:07","slug":"etkinlik-hakkinda","status":"publish","type":"page","link":"https:\/\/bilisimyildizlari.org.tr\/2025\/etkinlik-hakkinda","title":{"rendered":"Bili\u015fim Y\u0131ld\u0131zlar\u0131 Hakk\u0131nda"},"content":{"rendered":"<p><strong>Bili\u015fim Y\u0131ld\u0131zlar\u0131 e-D\u00f6n\u00fc\u015f\u00fcm Yar\u0131\u015fmas\u0131,<\/strong> internet \u00fczerinde d\u00f6n\u00fc\u015f\u00fcm sa\u011flam\u0131\u015f veya i\u015f yap\u0131s\u0131n\u0131 dijital (say\u0131sal) ortama ta\u015f\u0131m\u0131\u015f, d\u00f6n\u00fc\u015ft\u00fcrm\u00fc\u015f farkl\u0131 web projelerinin daha iyi tan\u0131t\u0131lmas\u0131 ve e-d\u00f6n\u00fc\u015f\u00fcme olan ilginin artmas\u0131n\u0131 sa\u011flamak amac\u0131yla T\u00fcrkiye Bili\u015fim Derne\u011fi (TBD) \u0130stanbul \u015eubesi taraf\u0131ndan ger\u00e7ekle\u015ftirilen ba\u011f\u0131ms\u0131z bir organizasyondur.<\/p>\r\n<p>Bili\u015fim Y\u0131ld\u0131zlar\u0131 e-D\u00f6n\u00fc\u015f\u00fcm Yar\u0131\u015fmas\u0131 ilk kez 2009 y\u0131l\u0131nda, TBD deste\u011fi ile hayata ge\u00e7irilmi\u015ftir. Profesyonel olarak g\u00f6rev alan sekt\u00f6r\u00fcn \u00f6nde gelen uzman ve tecr\u00fcbeli j\u00fcrilerinin \u00f6nderli\u011finde T\u00fcrkiye\u2019de olu\u015fturulan ba\u015far\u0131l\u0131 internet e-d\u00f6n\u00fc\u015f\u00fcm \u00e7al\u0131\u015fmalar\u0131n\u0131 de\u011ferlendirmeyi hedeflemektedir. Bug\u00fcne kadar ger\u00e7ekle\u015ftirilen yar\u0131\u015fmalarda j\u00fcri de\u011ferlendirmesinin yan\u0131 s\u0131ra halk oylamas\u0131 da de\u011ferlendirmeye kat\u0131lm\u0131\u015ft\u0131r. B\u00f6ylece, her seviyeden daha b\u00fcy\u00fck bir internet kullan\u0131c\u0131s\u0131n\u0131n etkinli\u011fe aktif olarak kat\u0131lmas\u0131 sa\u011flanm\u0131\u015ft\u0131r.<\/p>\r\n<p>\u00dclkemizde bili\u015fim alan\u0131ndaki yenilik ve geli\u015fmeleri yak\u0131ndan takip eden ve bili\u015fim k\u00fclt\u00fcr\u00fcn\u00fcn yay\u0131lmas\u0131nda \u00f6nc\u00fcl\u00fck eden TBD 50. Y\u0131l Etkinlikleri kapsam\u0131nda TBD \u0130stanbul Bili\u015fim Y\u0131ld\u0131zlar\u0131 \u201c<strong>Yerli ve Milli \/ \u00d6zg\u00fcn Proje Yar\u0131\u015fmas\u0131<\/strong>\u201d temas\u0131yla d\u00fczenlemektedir. Yar\u0131\u015fma; \u00f6zel sekt\u00f6r, Ar-Ge merkezi olan \u00f6zel sekt\u00f6r firmalar\u0131, \u00fcniversite, teknopark, teknokent \u015firketleri ve Sivil Toplum Kurulu\u015flar\u0131 (STK)\u2019ndan gelecek ger\u00e7ekle\u015ftirilmi\u015f yerli ve milli \/ \u00f6zg\u00fcn proje uygulamalar\u0131n\u0131 kapsamaktad\u0131r.<\/p>\r\n\r\n<p>&nbsp;<\/p>\r\n","protected":false},"excerpt":{"rendered":"<p>Bili\u015fim Y\u0131ld\u0131zlar\u0131 e-D\u00f6n\u00fc\u015f\u00fcm Yar\u0131\u015fmas\u0131, \u0130nternet \u00fczerinde d\u00f6n\u00fc\u015f\u00fcm sa\u011flam\u0131\u015f veya i\u015f yap\u0131s\u0131n\u0131 \u0130nternet ortam\u0131na ta\u015f\u0131m\u0131\u015f farkl\u0131 web projelerinin daha iyi tan\u0131t\u0131lmas\u0131 ve e-d\u00f6n\u00fc\u015f\u00fcme olan ilginin artmas\u0131n\u0131 sa\u011flamak amac\u0131yla TBD yap\u0131s\u0131 alt\u0131nda ger\u00e7ekle\u015ftirilen ba\u011f\u0131ms\u0131z bir organizasyondur.<\/p>\n<p>Bili\u015fim Y\u0131ld\u0131zlar\u0131 e-D\u00f6n\u00fc\u015f\u00fcm Yar\u0131\u015fmas\u0131 ilk kez 2009 y\u0131l\u0131nda, TBD deste\u011fi ile hayata ge\u00e7irilmi\u015ftir. Profesyonel olarak g\u00f6rev alan sekt\u00f6r\u00fcn \u00f6nde gelen uzman ve tecr\u00fcbeli j\u00fcrilerinin \u00f6nderli\u011finde T\u00fcrkiye\u2019de olu\u015fturulan ba\u015far\u0131l\u0131 internet e-d\u00f6n\u00fc\u015f\u00fcm \u00e7al\u0131\u015fmalar\u0131n\u0131 de\u011ferlendirmeyi hedeflemektedir.<\/p>\n","protected":false},"author":3,"featured_media":41,"parent":0,"menu_order":0,"comment_status":"closed","ping_status":"closed","template":"","meta":{"footnotes":""},"class_list":["post-40","page","type-page","status-publish","has-post-thumbnail","hentry"],"yoast_head":"<!-- This site is optimized with the Yoast SEO plugin v27.5 - https:\/\/yoast.com\/product\/yoast-seo-wordpress\/ -->\n<title>Bili\u015fim Y\u0131ld\u0131zlar\u0131 Hakk\u0131nda - Bili\u015fim Y\u0131ld\u0131zlar\u0131 2025<\/title>\n<meta name=\"robots\" content=\"index, follow, max-snippet:-1, max-image-preview:large, max-video-preview:-1\" \/>\n<link rel=\"canonical\" href=\"https:\/\/bilisimyildizlari.org.tr\/2025\/etkinlik-hakkinda\" \/>\n<meta property=\"og:locale\" content=\"tr_TR\" \/>\n<meta property=\"og:type\" content=\"article\" \/>\n<meta property=\"og:title\" content=\"Bili\u015fim Y\u0131ld\u0131zlar\u0131 Hakk\u0131nda - Bili\u015fim Y\u0131ld\u0131zlar\u0131 2025\" \/>\n<meta property=\"og:description\" content=\"Bili\u015fim Y\u0131ld\u0131zlar\u0131 e-D\u00f6n\u00fc\u015f\u00fcm Yar\u0131\u015fmas\u0131, \u0130nternet \u00fczerinde d\u00f6n\u00fc\u015f\u00fcm sa\u011flam\u0131\u015f veya i\u015f yap\u0131s\u0131n\u0131 \u0130nternet ortam\u0131na ta\u015f\u0131m\u0131\u015f farkl\u0131 web projelerinin daha iyi tan\u0131t\u0131lmas\u0131 ve e-d\u00f6n\u00fc\u015f\u00fcme olan ilginin artmas\u0131n\u0131 sa\u011flamak amac\u0131yla TBD yap\u0131s\u0131 alt\u0131nda ger\u00e7ekle\u015ftirilen ba\u011f\u0131ms\u0131z bir organizasyondur.  Bili\u015fim Y\u0131ld\u0131zlar\u0131 e-D\u00f6n\u00fc\u015f\u00fcm Yar\u0131\u015fmas\u0131 ilk kez 2009 y\u0131l\u0131nda, TBD deste\u011fi ile hayata ge\u00e7irilmi\u015ftir. Profesyonel olarak g\u00f6rev alan sekt\u00f6r\u00fcn \u00f6nde gelen uzman ve tecr\u00fcbeli j\u00fcrilerinin \u00f6nderli\u011finde T\u00fcrkiye\u2019de olu\u015fturulan ba\u015far\u0131l\u0131 internet e-d\u00f6n\u00fc\u015f\u00fcm \u00e7al\u0131\u015fmalar\u0131n\u0131 de\u011ferlendirmeyi hedeflemektedir.\" \/>\n<meta property=\"og:url\" content=\"https:\/\/bilisimyildizlari.org.tr\/2025\/etkinlik-hakkinda\" \/>\n<meta property=\"og:site_name\" content=\"Bili\u015fim Y\u0131ld\u0131zlar\u0131 2025\" \/>\n<meta property=\"article:modified_time\" content=\"2022-06-14T12:33:07+00:00\" \/>\n<meta property=\"og:image\" content=\"https:\/\/bilisimyildizlari.org.tr\/2025\/wp-content\/uploads\/sites\/9\/2018\/10\/group-people-workshop-crowd-meeting-audience-489447-pxhere.com-1.jpg\" \/>\n\t<meta property=\"og:image:width\" content=\"1920\" \/>\n\t<meta property=\"og:image:height\" content=\"1440\" \/>\n\t<meta property=\"og:image:type\" content=\"image\/jpeg\" \/>\n<meta name=\"twitter:card\" content=\"summary_large_image\" \/>\n<meta name=\"twitter:label1\" content=\"Tahmini okuma s\u00fcresi\" \/>\n\t<meta name=\"twitter:data1\" content=\"1 dakika\" \/>\n<script type=\"application\/ld+json\" class=\"yoast-schema-graph\">{\"@context\":\"https:\\\/\\\/schema.org\",\"@graph\":[{\"@type\":\"WebPage\",\"@id\":\"https:\\\/\\\/bilisimyildizlari.org.tr\\\/2025\\\/etkinlik-hakkinda\",\"url\":\"https:\\\/\\\/bilisimyildizlari.org.tr\\\/2025\\\/etkinlik-hakkinda\",\"name\":\"Bili\u015fim Y\u0131ld\u0131zlar\u0131 Hakk\u0131nda - Bili\u015fim Y\u0131ld\u0131zlar\u0131 2025\",\"isPartOf\":{\"@id\":\"https:\\\/\\\/bilisimyildizlari.org.tr\\\/2025\\\/#website\"},\"primaryImageOfPage\":{\"@id\":\"https:\\\/\\\/bilisimyildizlari.org.tr\\\/2025\\\/etkinlik-hakkinda#primaryimage\"},\"image\":{\"@id\":\"https:\\\/\\\/bilisimyildizlari.org.tr\\\/2025\\\/etkinlik-hakkinda#primaryimage\"},\"thumbnailUrl\":\"https:\\\/\\\/bilisimyildizlari.org.tr\\\/2025\\\/wp-content\\\/uploads\\\/sites\\\/9\\\/2018\\\/10\\\/group-people-workshop-crowd-meeting-audience-489447-pxhere.com-1.jpg\",\"datePublished\":\"2018-10-04T09:45:13+00:00\",\"dateModified\":\"2022-06-14T12:33:07+00:00\",\"breadcrumb\":{\"@id\":\"https:\\\/\\\/bilisimyildizlari.org.tr\\\/2025\\\/etkinlik-hakkinda#breadcrumb\"},\"inLanguage\":\"tr\",\"potentialAction\":[{\"@type\":\"ReadAction\",\"target\":[\"https:\\\/\\\/bilisimyildizlari.org.tr\\\/2025\\\/etkinlik-hakkinda\"]}]},{\"@type\":\"ImageObject\",\"inLanguage\":\"tr\",\"@id\":\"https:\\\/\\\/bilisimyildizlari.org.tr\\\/2025\\\/etkinlik-hakkinda#primaryimage\",\"url\":\"https:\\\/\\\/bilisimyildizlari.org.tr\\\/2025\\\/wp-content\\\/uploads\\\/sites\\\/9\\\/2018\\\/10\\\/group-people-workshop-crowd-meeting-audience-489447-pxhere.com-1.jpg\",\"contentUrl\":\"https:\\\/\\\/bilisimyildizlari.org.tr\\\/2025\\\/wp-content\\\/uploads\\\/sites\\\/9\\\/2018\\\/10\\\/group-people-workshop-crowd-meeting-audience-489447-pxhere.com-1.jpg\",\"width\":1920,\"height\":1440,\"caption\":\"hakkinda\"},{\"@type\":\"BreadcrumbList\",\"@id\":\"https:\\\/\\\/bilisimyildizlari.org.tr\\\/2025\\\/etkinlik-hakkinda#breadcrumb\",\"itemListElement\":[{\"@type\":\"ListItem\",\"position\":1,\"name\":\"Anasayfa\",\"item\":\"https:\\\/\\\/bilisimyildizlari.org.tr\\\/2025\\\/\"},{\"@type\":\"ListItem\",\"position\":2,\"name\":\"Bili\u015fim Y\u0131ld\u0131zlar\u0131 Hakk\u0131nda\"}]},{\"@type\":\"WebSite\",\"@id\":\"https:\\\/\\\/bilisimyildizlari.org.tr\\\/2025\\\/#website\",\"url\":\"https:\\\/\\\/bilisimyildizlari.org.tr\\\/2025\\\/\",\"name\":\"Bili\u015fim Y\u0131ld\u0131zlar\u0131 2025\",\"description\":\"TBD \u0130stanbul Bili\u015fim Y\u0131ld\u0131zlar\u0131 Yar\u0131\u015fmas\u0131\",\"publisher\":{\"@id\":\"https:\\\/\\\/bilisimyildizlari.org.tr\\\/2025\\\/#organization\"},\"potentialAction\":[{\"@type\":\"SearchAction\",\"target\":{\"@type\":\"EntryPoint\",\"urlTemplate\":\"https:\\\/\\\/bilisimyildizlari.org.tr\\\/2025\\\/?s={search_term_string}\"},\"query-input\":{\"@type\":\"PropertyValueSpecification\",\"valueRequired\":true,\"valueName\":\"search_term_string\"}}],\"inLanguage\":\"tr\"},{\"@type\":\"Organization\",\"@id\":\"https:\\\/\\\/bilisimyildizlari.org.tr\\\/2025\\\/#organization\",\"name\":\"Bili\u015fim Y\u0131ld\u0131zlar\u0131 2025\",\"url\":\"https:\\\/\\\/bilisimyildizlari.org.tr\\\/2025\\\/\",\"logo\":{\"@type\":\"ImageObject\",\"inLanguage\":\"tr\",\"@id\":\"https:\\\/\\\/bilisimyildizlari.org.tr\\\/2025\\\/#\\\/schema\\\/logo\\\/image\\\/\",\"url\":\"https:\\\/\\\/bilisimyildizlari.org.tr\\\/2025\\\/wp-content\\\/uploads\\\/sites\\\/9\\\/2022\\\/04\\\/TBD_ist_logo1.png\",\"contentUrl\":\"https:\\\/\\\/bilisimyildizlari.org.tr\\\/2025\\\/wp-content\\\/uploads\\\/sites\\\/9\\\/2022\\\/04\\\/TBD_ist_logo1.png\",\"width\":185,\"height\":80,\"caption\":\"Bili\u015fim Y\u0131ld\u0131zlar\u0131 2025 \"},\"image\":{\"@id\":\"https:\\\/\\\/bilisimyildizlari.org.tr\\\/2025\\\/#\\\/schema\\\/logo\\\/image\\\/\"}}]}<\/script>\n<!-- \/ Yoast SEO plugin. -->","yoast_head_json":{"title":"Bili\u015fim Y\u0131ld\u0131zlar\u0131 Hakk\u0131nda - Bili\u015fim Y\u0131ld\u0131zlar\u0131 2025","robots":{"index":"index","follow":"follow","max-snippet":"max-snippet:-1","max-image-preview":"max-image-preview:large","max-video-preview":"max-video-preview:-1"},"canonical":"https:\/\/bilisimyildizlari.org.tr\/2025\/etkinlik-hakkinda","og_locale":"tr_TR","og_type":"article","og_title":"Bili\u015fim Y\u0131ld\u0131zlar\u0131 Hakk\u0131nda - Bili\u015fim Y\u0131ld\u0131zlar\u0131 2025","og_description":"Bili\u015fim Y\u0131ld\u0131zlar\u0131 e-D\u00f6n\u00fc\u015f\u00fcm Yar\u0131\u015fmas\u0131, \u0130nternet \u00fczerinde d\u00f6n\u00fc\u015f\u00fcm sa\u011flam\u0131\u015f veya i\u015f yap\u0131s\u0131n\u0131 \u0130nternet ortam\u0131na ta\u015f\u0131m\u0131\u015f farkl\u0131 web projelerinin daha iyi tan\u0131t\u0131lmas\u0131 ve e-d\u00f6n\u00fc\u015f\u00fcme olan ilginin artmas\u0131n\u0131 sa\u011flamak amac\u0131yla TBD yap\u0131s\u0131 alt\u0131nda ger\u00e7ekle\u015ftirilen ba\u011f\u0131ms\u0131z bir organizasyondur.  Bili\u015fim Y\u0131ld\u0131zlar\u0131 e-D\u00f6n\u00fc\u015f\u00fcm Yar\u0131\u015fmas\u0131 ilk kez 2009 y\u0131l\u0131nda, TBD deste\u011fi ile hayata ge\u00e7irilmi\u015ftir. Profesyonel olarak g\u00f6rev alan sekt\u00f6r\u00fcn \u00f6nde gelen uzman ve tecr\u00fcbeli j\u00fcrilerinin \u00f6nderli\u011finde T\u00fcrkiye\u2019de olu\u015fturulan ba\u015far\u0131l\u0131 internet e-d\u00f6n\u00fc\u015f\u00fcm \u00e7al\u0131\u015fmalar\u0131n\u0131 de\u011ferlendirmeyi hedeflemektedir.","og_url":"https:\/\/bilisimyildizlari.org.tr\/2025\/etkinlik-hakkinda","og_site_name":"Bili\u015fim Y\u0131ld\u0131zlar\u0131 2025","article_modified_time":"2022-06-14T12:33:07+00:00","og_image":[{"width":1920,"height":1440,"url":"https:\/\/bilisimyildizlari.org.tr\/2025\/wp-content\/uploads\/sites\/9\/2018\/10\/group-people-workshop-crowd-meeting-audience-489447-pxhere.com-1.jpg","type":"image\/jpeg"}],"twitter_card":"summary_large_image","twitter_misc":{"Tahmini okuma s\u00fcresi":"1 dakika"},"schema":{"@context":"https:\/\/schema.org","@graph":[{"@type":"WebPage","@id":"https:\/\/bilisimyildizlari.org.tr\/2025\/etkinlik-hakkinda","url":"https:\/\/bilisimyildizlari.org.tr\/2025\/etkinlik-hakkinda","name":"Bili\u015fim Y\u0131ld\u0131zlar\u0131 Hakk\u0131nda - Bili\u015fim Y\u0131ld\u0131zlar\u0131 2025","isPartOf":{"@id":"https:\/\/bilisimyildizlari.org.tr\/2025\/#website"},"primaryImageOfPage":{"@id":"https:\/\/bilisimyildizlari.org.tr\/2025\/etkinlik-hakkinda#primaryimage"},"image":{"@id":"https:\/\/bilisimyildizlari.org.tr\/2025\/etkinlik-hakkinda#primaryimage"},"thumbnailUrl":"https:\/\/bilisimyildizlari.org.tr\/2025\/wp-content\/uploads\/sites\/9\/2018\/10\/group-people-workshop-crowd-meeting-audience-489447-pxhere.com-1.jpg","datePublished":"2018-10-04T09:45:13+00:00","dateModified":"2022-06-14T12:33:07+00:00","breadcrumb":{"@id":"https:\/\/bilisimyildizlari.org.tr\/2025\/etkinlik-hakkinda#breadcrumb"},"inLanguage":"tr","potentialAction":[{"@type":"ReadAction","target":["https:\/\/bilisimyildizlari.org.tr\/2025\/etkinlik-hakkinda"]}]},{"@type":"ImageObject","inLanguage":"tr","@id":"https:\/\/bilisimyildizlari.org.tr\/2025\/etkinlik-hakkinda#primaryimage","url":"https:\/\/bilisimyildizlari.org.tr\/2025\/wp-content\/uploads\/sites\/9\/2018\/10\/group-people-workshop-crowd-meeting-audience-489447-pxhere.com-1.jpg","contentUrl":"https:\/\/bilisimyildizlari.org.tr\/2025\/wp-content\/uploads\/sites\/9\/2018\/10\/group-people-workshop-crowd-meeting-audience-489447-pxhere.com-1.jpg","width":1920,"height":1440,"caption":"hakkinda"},{"@type":"BreadcrumbList","@id":"https:\/\/bilisimyildizlari.org.tr\/2025\/etkinlik-hakkinda#breadcrumb","itemListElement":[{"@type":"ListItem","position":1,"name":"Anasayfa","item":"https:\/\/bilisimyildizlari.org.tr\/2025\/"},{"@type":"ListItem","position":2,"name":"Bili\u015fim Y\u0131ld\u0131zlar\u0131 Hakk\u0131nda"}]},{"@type":"WebSite","@id":"https:\/\/bilisimyildizlari.org.tr\/2025\/#website","url":"https:\/\/bilisimyildizlari.org.tr\/2025\/","name":"Bili\u015fim Y\u0131ld\u0131zlar\u0131 2025","description":"TBD \u0130stanbul Bili\u015fim Y\u0131ld\u0131zlar\u0131 Yar\u0131\u015fmas\u0131","publisher":{"@id":"https:\/\/bilisimyildizlari.org.tr\/2025\/#organization"},"potentialAction":[{"@type":"SearchAction","target":{"@type":"EntryPoint","urlTemplate":"https:\/\/bilisimyildizlari.org.tr\/2025\/?s={search_term_string}"},"query-input":{"@type":"PropertyValueSpecification","valueRequired":true,"valueName":"search_term_string"}}],"inLanguage":"tr"},{"@type":"Organization","@id":"https:\/\/bilisimyildizlari.org.tr\/2025\/#organization","name":"Bili\u015fim Y\u0131ld\u0131zlar\u0131 2025","url":"https:\/\/bilisimyildizlari.org.tr\/2025\/","logo":{"@type":"ImageObject","inLanguage":"tr","@id":"https:\/\/bilisimyildizlari.org.tr\/2025\/#\/schema\/logo\/image\/","url":"https:\/\/bilisimyildizlari.org.tr\/2025\/wp-content\/uploads\/sites\/9\/2022\/04\/TBD_ist_logo1.png","contentUrl":"https:\/\/bilisimyildizlari.org.tr\/2025\/wp-content\/uploads\/sites\/9\/2022\/04\/TBD_ist_logo1.png","width":185,"height":80,"caption":"Bili\u015fim Y\u0131ld\u0131zlar\u0131 2025 "},"image":{"@id":"https:\/\/bilisimyildizlari.org.tr\/2025\/#\/schema\/logo\/image\/"}}]}},"_links":{"self":[{"href":"https:\/\/bilisimyildizlari.org.tr\/2025\/wp-json\/wp\/v2\/pages\/40","targetHints":{"allow":["GET"]}}],"collection":[{"href":"https:\/\/bilisimyildizlari.org.tr\/2025\/wp-json\/wp\/v2\/pages"}],"about":[{"href":"https:\/\/bilisimyildizlari.org.tr\/2025\/wp-json\/wp\/v2\/types\/page"}],"author":[{"embeddable":true,"href":"https:\/\/bilisimyildizlari.org.tr\/2025\/wp-json\/wp\/v2\/users\/3"}],"replies":[{"embeddable":true,"href":"https:\/\/bilisimyildizlari.org.tr\/2025\/wp-json\/wp\/v2\/comments?post=40"}],"version-history":[{"count":2,"href":"https:\/\/bilisimyildizlari.org.tr\/2025\/wp-json\/wp\/v2\/pages\/40\/revisions"}],"predecessor-version":[{"id":1512,"href":"https:\/\/bilisimyildizlari.org.tr\/2025\/wp-json\/wp\/v2\/pages\/40\/revisions\/1512"}],"wp:featuredmedia":[{"embeddable":true,"href":"https:\/\/bilisimyildizlari.org.tr\/2025\/wp-json\/wp\/v2\/media\/41"}],"wp:attachment":[{"href":"https:\/\/bilisimyildizlari.org.tr\/2025\/wp-json\/wp\/v2\/media?parent=40"}],"curies":[{"name":"wp","href":"https:\/\/api.w.org\/{rel}","templated":true}]}}