{"id":790,"date":"2021-03-13T22:01:50","date_gmt":"2021-03-13T19:01:50","guid":{"rendered":"https:\/\/bilisimyildizlari.org.tr\/2025\/?page_id=790"},"modified":"2025-03-19T11:06:31","modified_gmt":"2025-03-19T08:06:31","slug":"tanimlar-amac-ve-hedefler-kapsam","status":"publish","type":"page","link":"https:\/\/bilisimyildizlari.org.tr\/2025\/tanimlar-amac-ve-hedefler-kapsam","title":{"rendered":"Organizasyon"},"content":{"rendered":"\n<p>Yerli ve Milli \/ \u00d6zg\u00fcn Proje Yar\u0131\u015fmas\u0131, <a href=\"https:\/\/www.tbd.org.tr\/subelerimiz\/tbd-istanbul\/\" target=\"_blank\" rel=\"noreferrer noopener\">T\u00fcrkiye Bili\u015fim Derne\u011fi (TBD) \u0130stanbul \u015eubesi<\/a> taraf\u0131ndan d\u00fczenlenmektedir.<\/p>\n\n\n\n<h4 class=\"wp-block-heading\">TBD Vizyon<\/h4>\n\n\n\n<p>Bili\u015fim toplumuna d\u00f6n\u00fc\u015f\u00fcm\u00fcn \u00f6nc\u00fcs\u00fc Sivil Toplum Kurulu\u015fu (STK) olarak, T\u00fcrkiye Bili\u015fim Derne\u011fi\u2019nin (TBD) \u00fclkemizin ekonomik, toplumsal ve k\u00fclt\u00fcrel kalk\u0131nmas\u0131na katk\u0131 vermek amac\u0131yla, bili\u015fim bilincine varm\u0131\u015f insanlar toplulu\u011funu ayn\u0131 \u015femsiye alt\u0131nda bir araya getirip \u00e7a\u011fda\u015f k\u00fclt\u00fcrel de\u011fi\u015fimi sa\u011flamak. Bu g\u00f6r\u00fc\u015f do\u011frultusunda bili\u015fim teknik bilimini ulusal bir kalk\u0131nma arac\u0131 olarak kullanabilmek \u00fczere her a\u015famada haz\u0131rl\u0131kl\u0131 olmay\u0131 planlamak ve \u00e7al\u0131\u015fmalar\u0131 kamu ve toplum yarar\u0131n\u0131 g\u00f6zetecek bi\u00e7imde, aral\u0131ks\u0131z s\u00fcrd\u00fcrmek.<\/p>\n\n\n\n<h4 class=\"wp-block-heading\">TBD Misyon<\/h4>\n\n\n\n<p>T\u00fcrkiye Bili\u015fim Derne\u011fi kurucular, \u00fcyeler ve g\u00f6n\u00fcll\u00fclerle birlikte bili\u015fim sekt\u00f6r\u00fcn\u00fcn ba\u015flang\u0131c\u0131ndan beri \u00fcstlendi\u011fi liderlik, \u00f6nc\u00fcl\u00fck, dan\u0131\u015fmanl\u0131k, fark\u0131ndal\u0131k yaratma ve e\u011fitim g\u00f6revlerini g\u00fcn\u00fcm\u00fczde de s\u00fcrd\u00fcrerek, \u00f6zel ve kamusal kurulu\u015flar ile akademik d\u00fcnyan\u0131n i\u015fbirli\u011fini ulusal ve uluslararas\u0131 d\u00fczeyde sa\u011flayarak \u00fclkemizi \u00e7a\u011fda\u015f, g\u00fcvenilir, ayd\u0131nl\u0131k ve g\u00f6nen\u00e7 i\u00e7inde ya\u015fan\u0131lan bir gelece\u011fe ula\u015ft\u0131rmak.<\/p>\n\n\n\n<h4 class=\"wp-block-heading\"><strong>YARI\u015eMA ONUR KURULU<\/strong><\/h4>\n\n\n\n<p><strong>Rahmi AKTEPE<\/strong><br>TBD Genel Ba\u015fkan\u0131<\/p>\n\n\n\n<h4 class=\"wp-block-heading\"><strong>YARI\u015eMA<\/strong> <strong>BA\u015eKANLI\u011eI<\/strong><\/h4>\n\n\n\n<p>Cemal K\u0131van\u00e7 \u00d6NER<br><em>TBD \u0130stanbul \u015eubesi Y\u00f6netim Kurulu Ba\u015fkan\u0131<\/em><\/p>\n\n\n\n<h4 class=\"wp-block-heading\"><strong>YARI\u015eMA<\/strong> <strong>Y\u00dcR\u00dcTME KURULU BA\u015eKANLI\u011eI<\/strong><\/h4>\n\n\n\n<p>Elif KARTAL<\/p>\n\n\n\n<h4 class=\"wp-block-heading\"><strong>YARI\u015eMA<\/strong> <strong>Y\u00dcR\u00dcTME KURULU \u00dcYELER\u0130<\/strong><\/h4>\n\n\n\n<p>Ahmet AYVALI<br>Bilgin MET\u0130N<br>Birden S\u0130YAH\u0130<br>Cahit CENG\u0130ZHAN<br>Can DA\u011eDELEN<br>Ceyda C\u0130M\u0130LL\u0130 AKAYDIN<br>Deniz T\u0130RYAK\u0130O\u011eLU<br>Ebru GAD\u0130\u015e<br>Ertan BARUT<br>Gonca TELL\u0130 YAMAMOTO<br>G\u00f6ker SARP<br>H\u00fcseyin KARAYA\u011eIZ<br>K. Tufan TEK\u0130N<br>Murat DEM\u0130REL<\/p>\n\n\n\n<p><em>*Yar\u0131\u015fma Y\u00fcr\u00fctme Kurulu \u00dcyeleri alfabetik s\u0131raya g\u00f6re yaz\u0131lm\u0131\u015ft\u0131r.<\/em><\/p>\n","protected":false},"excerpt":{"rendered":"<p>Yerli ve Milli \/ \u00d6zg\u00fcn Proje Yar\u0131\u015fmas\u0131, T\u00fcrkiye Bili\u015fim Derne\u011fi (TBD) \u0130stanbul \u015eubesi taraf\u0131ndan d\u00fczenlenmektedir. TBD Vizyon Bili\u015fim toplumuna d\u00f6n\u00fc\u015f\u00fcm\u00fcn \u00f6nc\u00fcs\u00fc Sivil Toplum Kurulu\u015fu (STK) olarak, T\u00fcrkiye Bili\u015fim Derne\u011fi\u2019nin (TBD) \u00fclkemizin ekonomik, toplumsal ve k\u00fclt\u00fcrel kalk\u0131nmas\u0131na katk\u0131 vermek amac\u0131yla, bili\u015fim bilincine varm\u0131\u015f insanlar toplulu\u011funu ayn\u0131 \u015femsiye alt\u0131nda bir araya getirip \u00e7a\u011fda\u015f k\u00fclt\u00fcrel de\u011fi\u015fimi sa\u011flamak. Bu &hellip; <\/p>\n","protected":false},"author":3,"featured_media":0,"parent":0,"menu_order":0,"comment_status":"closed","ping_status":"closed","template":"","meta":{"footnotes":""},"class_list":["post-790","page","type-page","status-publish","hentry"],"yoast_head":"<!-- This site is optimized with the Yoast SEO plugin v27.5 - https:\/\/yoast.com\/product\/yoast-seo-wordpress\/ -->\n<title>Organizasyon - Bili\u015fim Y\u0131ld\u0131zlar\u0131 2025<\/title>\n<meta name=\"robots\" content=\"index, follow, max-snippet:-1, max-image-preview:large, max-video-preview:-1\" \/>\n<link rel=\"canonical\" href=\"https:\/\/bilisimyildizlari.org.tr\/2025\/tanimlar-amac-ve-hedefler-kapsam\" \/>\n<meta property=\"og:locale\" content=\"tr_TR\" \/>\n<meta property=\"og:type\" content=\"article\" \/>\n<meta property=\"og:title\" content=\"Organizasyon - Bili\u015fim Y\u0131ld\u0131zlar\u0131 2025\" \/>\n<meta property=\"og:description\" content=\"Yerli ve Milli \/ \u00d6zg\u00fcn Proje Yar\u0131\u015fmas\u0131, T\u00fcrkiye Bili\u015fim Derne\u011fi (TBD) \u0130stanbul \u015eubesi taraf\u0131ndan d\u00fczenlenmektedir. TBD Vizyon Bili\u015fim toplumuna d\u00f6n\u00fc\u015f\u00fcm\u00fcn \u00f6nc\u00fcs\u00fc Sivil Toplum Kurulu\u015fu (STK) olarak, T\u00fcrkiye Bili\u015fim Derne\u011fi\u2019nin (TBD) \u00fclkemizin ekonomik, toplumsal ve k\u00fclt\u00fcrel kalk\u0131nmas\u0131na katk\u0131 vermek amac\u0131yla, bili\u015fim bilincine varm\u0131\u015f insanlar toplulu\u011funu ayn\u0131 \u015femsiye alt\u0131nda bir araya getirip \u00e7a\u011fda\u015f k\u00fclt\u00fcrel de\u011fi\u015fimi sa\u011flamak. Bu &hellip;\" \/>\n<meta property=\"og:url\" content=\"https:\/\/bilisimyildizlari.org.tr\/2025\/tanimlar-amac-ve-hedefler-kapsam\" \/>\n<meta property=\"og:site_name\" content=\"Bili\u015fim Y\u0131ld\u0131zlar\u0131 2025\" \/>\n<meta property=\"article:modified_time\" content=\"2025-03-19T08:06:31+00:00\" \/>\n<meta name=\"twitter:card\" content=\"summary_large_image\" \/>\n<meta name=\"twitter:label1\" content=\"Tahmini okuma s\u00fcresi\" \/>\n\t<meta name=\"twitter:data1\" content=\"2 dakika\" \/>\n<script type=\"application\/ld+json\" class=\"yoast-schema-graph\">{\"@context\":\"https:\\\/\\\/schema.org\",\"@graph\":[{\"@type\":\"WebPage\",\"@id\":\"https:\\\/\\\/bilisimyildizlari.org.tr\\\/2025\\\/tanimlar-amac-ve-hedefler-kapsam\",\"url\":\"https:\\\/\\\/bilisimyildizlari.org.tr\\\/2025\\\/tanimlar-amac-ve-hedefler-kapsam\",\"name\":\"Organizasyon - Bili\u015fim Y\u0131ld\u0131zlar\u0131 2025\",\"isPartOf\":{\"@id\":\"https:\\\/\\\/bilisimyildizlari.org.tr\\\/2025\\\/#website\"},\"datePublished\":\"2021-03-13T19:01:50+00:00\",\"dateModified\":\"2025-03-19T08:06:31+00:00\",\"breadcrumb\":{\"@id\":\"https:\\\/\\\/bilisimyildizlari.org.tr\\\/2025\\\/tanimlar-amac-ve-hedefler-kapsam#breadcrumb\"},\"inLanguage\":\"tr\",\"potentialAction\":[{\"@type\":\"ReadAction\",\"target\":[\"https:\\\/\\\/bilisimyildizlari.org.tr\\\/2025\\\/tanimlar-amac-ve-hedefler-kapsam\"]}]},{\"@type\":\"BreadcrumbList\",\"@id\":\"https:\\\/\\\/bilisimyildizlari.org.tr\\\/2025\\\/tanimlar-amac-ve-hedefler-kapsam#breadcrumb\",\"itemListElement\":[{\"@type\":\"ListItem\",\"position\":1,\"name\":\"Anasayfa\",\"item\":\"https:\\\/\\\/bilisimyildizlari.org.tr\\\/2025\\\/\"},{\"@type\":\"ListItem\",\"position\":2,\"name\":\"Organizasyon\"}]},{\"@type\":\"WebSite\",\"@id\":\"https:\\\/\\\/bilisimyildizlari.org.tr\\\/2025\\\/#website\",\"url\":\"https:\\\/\\\/bilisimyildizlari.org.tr\\\/2025\\\/\",\"name\":\"Bili\u015fim Y\u0131ld\u0131zlar\u0131 2025\",\"description\":\"TBD \u0130stanbul Bili\u015fim Y\u0131ld\u0131zlar\u0131 Yar\u0131\u015fmas\u0131\",\"publisher\":{\"@id\":\"https:\\\/\\\/bilisimyildizlari.org.tr\\\/2025\\\/#organization\"},\"potentialAction\":[{\"@type\":\"SearchAction\",\"target\":{\"@type\":\"EntryPoint\",\"urlTemplate\":\"https:\\\/\\\/bilisimyildizlari.org.tr\\\/2025\\\/?s={search_term_string}\"},\"query-input\":{\"@type\":\"PropertyValueSpecification\",\"valueRequired\":true,\"valueName\":\"search_term_string\"}}],\"inLanguage\":\"tr\"},{\"@type\":\"Organization\",\"@id\":\"https:\\\/\\\/bilisimyildizlari.org.tr\\\/2025\\\/#organization\",\"name\":\"Bili\u015fim Y\u0131ld\u0131zlar\u0131 2025\",\"url\":\"https:\\\/\\\/bilisimyildizlari.org.tr\\\/2025\\\/\",\"logo\":{\"@type\":\"ImageObject\",\"inLanguage\":\"tr\",\"@id\":\"https:\\\/\\\/bilisimyildizlari.org.tr\\\/2025\\\/#\\\/schema\\\/logo\\\/image\\\/\",\"url\":\"https:\\\/\\\/bilisimyildizlari.org.tr\\\/2025\\\/wp-content\\\/uploads\\\/sites\\\/9\\\/2022\\\/04\\\/TBD_ist_logo1.png\",\"contentUrl\":\"https:\\\/\\\/bilisimyildizlari.org.tr\\\/2025\\\/wp-content\\\/uploads\\\/sites\\\/9\\\/2022\\\/04\\\/TBD_ist_logo1.png\",\"width\":185,\"height\":80,\"caption\":\"Bili\u015fim Y\u0131ld\u0131zlar\u0131 2025 \"},\"image\":{\"@id\":\"https:\\\/\\\/bilisimyildizlari.org.tr\\\/2025\\\/#\\\/schema\\\/logo\\\/image\\\/\"}}]}<\/script>\n<!-- \/ Yoast SEO plugin. -->","yoast_head_json":{"title":"Organizasyon - Bili\u015fim Y\u0131ld\u0131zlar\u0131 2025","robots":{"index":"index","follow":"follow","max-snippet":"max-snippet:-1","max-image-preview":"max-image-preview:large","max-video-preview":"max-video-preview:-1"},"canonical":"https:\/\/bilisimyildizlari.org.tr\/2025\/tanimlar-amac-ve-hedefler-kapsam","og_locale":"tr_TR","og_type":"article","og_title":"Organizasyon - Bili\u015fim Y\u0131ld\u0131zlar\u0131 2025","og_description":"Yerli ve Milli \/ \u00d6zg\u00fcn Proje Yar\u0131\u015fmas\u0131, T\u00fcrkiye Bili\u015fim Derne\u011fi (TBD) \u0130stanbul \u015eubesi taraf\u0131ndan d\u00fczenlenmektedir. TBD Vizyon Bili\u015fim toplumuna d\u00f6n\u00fc\u015f\u00fcm\u00fcn \u00f6nc\u00fcs\u00fc Sivil Toplum Kurulu\u015fu (STK) olarak, T\u00fcrkiye Bili\u015fim Derne\u011fi\u2019nin (TBD) \u00fclkemizin ekonomik, toplumsal ve k\u00fclt\u00fcrel kalk\u0131nmas\u0131na katk\u0131 vermek amac\u0131yla, bili\u015fim bilincine varm\u0131\u015f insanlar toplulu\u011funu ayn\u0131 \u015femsiye alt\u0131nda bir araya getirip \u00e7a\u011fda\u015f k\u00fclt\u00fcrel de\u011fi\u015fimi sa\u011flamak. Bu &hellip;","og_url":"https:\/\/bilisimyildizlari.org.tr\/2025\/tanimlar-amac-ve-hedefler-kapsam","og_site_name":"Bili\u015fim Y\u0131ld\u0131zlar\u0131 2025","article_modified_time":"2025-03-19T08:06:31+00:00","twitter_card":"summary_large_image","twitter_misc":{"Tahmini okuma s\u00fcresi":"2 dakika"},"schema":{"@context":"https:\/\/schema.org","@graph":[{"@type":"WebPage","@id":"https:\/\/bilisimyildizlari.org.tr\/2025\/tanimlar-amac-ve-hedefler-kapsam","url":"https:\/\/bilisimyildizlari.org.tr\/2025\/tanimlar-amac-ve-hedefler-kapsam","name":"Organizasyon - Bili\u015fim Y\u0131ld\u0131zlar\u0131 2025","isPartOf":{"@id":"https:\/\/bilisimyildizlari.org.tr\/2025\/#website"},"datePublished":"2021-03-13T19:01:50+00:00","dateModified":"2025-03-19T08:06:31+00:00","breadcrumb":{"@id":"https:\/\/bilisimyildizlari.org.tr\/2025\/tanimlar-amac-ve-hedefler-kapsam#breadcrumb"},"inLanguage":"tr","potentialAction":[{"@type":"ReadAction","target":["https:\/\/bilisimyildizlari.org.tr\/2025\/tanimlar-amac-ve-hedefler-kapsam"]}]},{"@type":"BreadcrumbList","@id":"https:\/\/bilisimyildizlari.org.tr\/2025\/tanimlar-amac-ve-hedefler-kapsam#breadcrumb","itemListElement":[{"@type":"ListItem","position":1,"name":"Anasayfa","item":"https:\/\/bilisimyildizlari.org.tr\/2025\/"},{"@type":"ListItem","position":2,"name":"Organizasyon"}]},{"@type":"WebSite","@id":"https:\/\/bilisimyildizlari.org.tr\/2025\/#website","url":"https:\/\/bilisimyildizlari.org.tr\/2025\/","name":"Bili\u015fim Y\u0131ld\u0131zlar\u0131 2025","description":"TBD \u0130stanbul Bili\u015fim Y\u0131ld\u0131zlar\u0131 Yar\u0131\u015fmas\u0131","publisher":{"@id":"https:\/\/bilisimyildizlari.org.tr\/2025\/#organization"},"potentialAction":[{"@type":"SearchAction","target":{"@type":"EntryPoint","urlTemplate":"https:\/\/bilisimyildizlari.org.tr\/2025\/?s={search_term_string}"},"query-input":{"@type":"PropertyValueSpecification","valueRequired":true,"valueName":"search_term_string"}}],"inLanguage":"tr"},{"@type":"Organization","@id":"https:\/\/bilisimyildizlari.org.tr\/2025\/#organization","name":"Bili\u015fim Y\u0131ld\u0131zlar\u0131 2025","url":"https:\/\/bilisimyildizlari.org.tr\/2025\/","logo":{"@type":"ImageObject","inLanguage":"tr","@id":"https:\/\/bilisimyildizlari.org.tr\/2025\/#\/schema\/logo\/image\/","url":"https:\/\/bilisimyildizlari.org.tr\/2025\/wp-content\/uploads\/sites\/9\/2022\/04\/TBD_ist_logo1.png","contentUrl":"https:\/\/bilisimyildizlari.org.tr\/2025\/wp-content\/uploads\/sites\/9\/2022\/04\/TBD_ist_logo1.png","width":185,"height":80,"caption":"Bili\u015fim Y\u0131ld\u0131zlar\u0131 2025 "},"image":{"@id":"https:\/\/bilisimyildizlari.org.tr\/2025\/#\/schema\/logo\/image\/"}}]}},"_links":{"self":[{"href":"https:\/\/bilisimyildizlari.org.tr\/2025\/wp-json\/wp\/v2\/pages\/790","targetHints":{"allow":["GET"]}}],"collection":[{"href":"https:\/\/bilisimyildizlari.org.tr\/2025\/wp-json\/wp\/v2\/pages"}],"about":[{"href":"https:\/\/bilisimyildizlari.org.tr\/2025\/wp-json\/wp\/v2\/types\/page"}],"author":[{"embeddable":true,"href":"https:\/\/bilisimyildizlari.org.tr\/2025\/wp-json\/wp\/v2\/users\/3"}],"replies":[{"embeddable":true,"href":"https:\/\/bilisimyildizlari.org.tr\/2025\/wp-json\/wp\/v2\/comments?post=790"}],"version-history":[{"count":4,"href":"https:\/\/bilisimyildizlari.org.tr\/2025\/wp-json\/wp\/v2\/pages\/790\/revisions"}],"predecessor-version":[{"id":1829,"href":"https:\/\/bilisimyildizlari.org.tr\/2025\/wp-json\/wp\/v2\/pages\/790\/revisions\/1829"}],"wp:attachment":[{"href":"https:\/\/bilisimyildizlari.org.tr\/2025\/wp-json\/wp\/v2\/media?parent=790"}],"curies":[{"name":"wp","href":"https:\/\/api.w.org\/{rel}","templated":true}]}}